{"id":34364,"date":"2019-05-17T04:10:26","date_gmt":"2019-05-17T04:10:26","guid":{"rendered":"https:\/\/castlepodsreda.com\/?page_id=34364"},"modified":"2023-11-23T08:33:59","modified_gmt":"2023-11-23T08:33:59","slug":"nasa-prica","status":"publish","type":"page","link":"https:\/\/castlepodsreda.com\/hr\/nasa-prica\/","title":{"rendered":"NA\u0160A PRI\u010cA"},"content":{"rendered":"<p>[vc_row full_width=&#8221;stretch_row&#8221; parallax=&#8221;content-moving&#8221; parallax_image=&#8221;3859&#8243; parallax_speed_bg=&#8221;1.1&#8243; css=&#8221;.vc_custom_1588698296525{background-image: url(https:\/\/castlepodsreda.com\/wp-content\/uploads\/2020\/05\/ozadje-grad-podsreda.jpg?id=4371) !important;}&#8221;][vc_column css=&#8221;.vc_custom_1565852493842{padding-top: 0px !important;}&#8221;][vc_single_image image=&#8221;4089&#8243; img_size=&#8221;full&#8221; alignment=&#8221;center&#8221;][cms_heading text_before=&#8221;Cijenjeni posjetitelji ili gosti dvorca,&#8221; tag=&#8221;h4&#8243; align_lg=&#8221;align-center&#8221; align_md=&#8221;align-center-md&#8221; align_sm=&#8221;align-center-sm&#8221; align_xs=&#8221;align-center-xs&#8221; cms_template=&#8221;cms_heading&#8211;layout2.php&#8221;][vc_column_text]<\/p>\n<p style=\"text-align: center;\"><strong>Dobrodo\u0161li na web stranicu &#8220;najboljeg dvorca me\u0111u dvorcima u Sloveniji&#8221;, srednjovjekovnog dvorca Podsreda iz ranog 12. stolje\u0107a, koji je izdr\u017eao test vremena i iz derutnog stanja izrastao u sredi\u0161te kulturnih, obrazovnih, dru\u0161tvenih i turisti\u010dkih aktivnosti .<\/strong><\/p>\n<p style=\"text-align: center;\">Dvorac Podsreda, koji je jedna od najva\u017enijih gra\u0111evina romani\u010dke arhitekture u Sloveniji, pa\u017eljivo je obnavljan u proteklih 40 godina, \u010duvaju\u0107i svoj izvorni srednjovjekovni karakter i \u0161arm, a istovremeno posjetiteljima nudi sve pogodnosti moderne ponude. Dvorac je spomenik lokalnog zna\u010daja u vlasni\u0161tvu Op\u0107ine Kozje, a pod upravom Javne ustanove Kozjanski park.<\/p>\n<p>[\/vc_column_text][cms_fancybox description_color=&#8221;#000000&#8243; des_font_weight=&#8221;300&#8243; cms_template=&#8221;cms_fancybox.php&#8221; fcb_description=&#8221;Pozivamo vas da istra\u017eite na\u0161u web stranicu, upoznate na\u0161u bogatu ba\u0161tinu i na\u0161 raznoliki kalendar doga\u0111anja i planirate svoj sljede\u0107i posjet ovoj iznimnoj destinaciji.&#8221; desc_font_size=&#8221;16&#8243;][vc_row_inner][vc_column_inner width=&#8221;1\/2&#8243; cms_column_inner_class=&#8221;rm-padding-lg&#8221; css=&#8221;.vc_custom_1565853714253{padding-right: 30px !important;}&#8221;][cms_fancybox cms_template=&#8221;cms_fancybox&#8211;layout4.php&#8221; el_title=&#8221;Dvorac Podsreda danas&#8221; fcb_description=&#8221;Danas je dvorac gostoljubivo odredi\u0161te za putnike i lokalno stanovni\u0161tvo s raznim sadr\u017eajima i doga\u0111ajima koji prikazuju bogatu povijest, kulturu i prirodne ljepote regije. U ovoj \u017eivahnoj destinaciji uvijek se ne\u0161to doga\u0111a, od samostalnih obilazaka unutra\u0161njosti dvorca uz audio vodstvo do vo\u0111enih obilazaka dvorca s vodi\u010dima, kulturnih doga\u0111anja, koncerata i vjen\u010danja.<br \/>\n\u2063<br \/>\nUz izuzetno o\u010duvanu arhitekturu dvorca, gosti mogu u\u017eivati u zanimljivim izlo\u017ebama za odrasle i djecu, obiteljskoj pustolovnoj igri potrage za blagom, dvorski kavani, Centru za posjetitelje regionalnog Kozjanskog parka trgovinom doma\u0107ih proizvoda, pa \u010dak i rezervirati poseban odmor u sobama i apartmanima s \u010detiri zvjezdice u dvorcu Podsreda uz bogati dvorski doru\u010dak.&#8221; title_font_size=&#8221;35&#8243;][vc_column_text][\/vc_column_text][cms_image_single single_image=&#8221;7715&#8243;][\/vc_column_inner][vc_column_inner width=&#8221;1\/2&#8243; css=&#8221;.vc_custom_1568799485104{padding-left: 26px !important;}&#8221;][cms_space space_lg=&#8221;40&#8243; space_md=&#8221;7&#8243; space_sm=&#8221;32&#8243; space_xs=&#8221;32&#8243;][vc_single_image image=&#8221;9084&#8243; img_size=&#8221;full&#8221;][cms_space space_lg=&#8221;7&#8243; space_md=&#8221;7&#8243; space_sm=&#8221;7&#8243; space_xs=&#8221;7&#8243;][cms_fancybox button_text=&#8221;AKTUALNO RADNO VRIJEME IN CIJENA ULAZA&#8221; button_link=&#8221;url:https%3A%2F%2Fcastlepodsreda.com%2Fhr%2Fradno-vrijeme-i-cjenik%2F|title:ODPIRALNI%20%C4%8CAS%20IN%20VSTOPNINA||&#8221; cms_template=&#8221;cms_fancybox&#8211;layout4.php&#8221; fcb_description=&#8221;Do dvorca vodi slikovita cesta duga 5 km, pogodna za sve vrste vozila, kao i biciklisti\u010dka ruta iz Podsrede. Dvorac mo\u017eete posjetiti i pje\u0161ice, 2,5 km dugom interaktivnom pje\u0161a\u010dki stazi od   od trga Podsreda do dvorca Podsreda.<br \/>\n\u2063<br \/>\nBilo da ste ljubitelj povijesti, umjetnosti ili jednostavno tra\u017eite jedinstveno i nezaboravno iskustvo, srednjovjekovni dvorac zasigurno \u0107e vas fascinirati i inspirirati.&#8221;][\/vc_column_inner][\/vc_row_inner][vc_row_inner][vc_column_inner width=&#8221;1\/2&#8243; cms_column_inner_class=&#8221;rm-padding-lg&#8221; css=&#8221;.vc_custom_1565853714253{padding-right: 30px !important;}&#8221;][cms_space space_lg=&#8221;40&#8243; space_md=&#8221;7&#8243; space_sm=&#8221;32&#8243; space_xs=&#8221;32&#8243;][cms_fancybox button_text=&#8221;ZELENE INFORMACIJE ZA GOSTE&#8221; button_link=&#8221;url:https%3A%2F%2Fcastlepodsreda.com%2Fodkrijte-trajnostno-dediscino-nasega-gradu%2F|||&#8221; cms_template=&#8221;cms_fancybox&#8211;layout4.php&#8221; el_title=&#8221;OTKRIJTE ODR\u017dIVO NASLJE\u0110E NA\u0160EG DVORCA&#8221; fcb_description=&#8221;Dvorac Podsreda ostvaruje odr\u017eivu viziju koja na\u0161u bogatu ba\u0161tinu povezuje s o\u010duvanjem prirode. Kao \u010duvari ove dragocjene imovine, obvezali smo se s provo\u0111enjem zelenih praksi smanjiti utjecaj na okoli\u0161. Po\u0161tujemo naslije\u0111e koje su nam prenijeli preci i ne smatramo ga vlasni\u0161tvom, ve\u0107 vrijedno\u0161\u0107u koju moramo sa\u010duvati i prenijeti sljede\u0107im generacijama.&#8221; title_font_size=&#8221;35&#8243; fcb_description2=&#8221;Saznajte vi\u0161e o na\u0161im ekolo\u0161kim praksama i naslije\u0111u koje nastojimo sa\u010duvati.&#8221;][\/vc_column_inner][vc_column_inner width=&#8221;1\/2&#8243; css=&#8221;.vc_custom_1568799485104{padding-left: 26px !important;}&#8221;][cms_space space_lg=&#8221;40&#8243; space_md=&#8221;7&#8243; space_sm=&#8221;32&#8243; space_xs=&#8221;32&#8243;][vc_single_image image=&#8221;34159&#8243; img_size=&#8221;full&#8221;][\/vc_column_inner][\/vc_row_inner][vc_column_text][\/vc_column_text][vc_row_inner][vc_column_inner width=&#8221;1\/2&#8243; cms_column_inner_class=&#8221;rm-padding-lg&#8221; css=&#8221;.vc_custom_1565853714253{padding-right: 30px !important;}&#8221;][cms_fancybox cms_template=&#8221;cms_fancybox&#8211;layout4.php&#8221; el_title=&#8221;Povijest dvorca Podsreda&#8221; fcb_description=&#8221;Dvorac Podsreda jedna je od najva\u017enijih gra\u0111evina romani\u010dke arhitekture u Sloveniji. Uz zahvate na spomeniku provedena su opse\u017ena istra\u017eivanja koja su dala iznena\u0111uju\u0107e rezultate. Pokazalo se da su ve\u0107 u romani\u010dkom razdoblju, u kratkom vremenskom razdoblju, izvedene \u010dak \u010detiri samostalne i jasno vidljive gra\u0111evinske faze. To svrstava dvorac ne samo u sam vrh spomeni\u010dkih posjeda u Sloveniji, ve\u0107 ima i vrlo posebno mjesto me\u0111u europskim srednjovjekovnim dvorcima, jer je njegova srednjovjekovna jezgra ostala gotovo netaknuta tijekom stolje\u0107a.<br \/>\n\u2063<br \/>\n&#8220;Najvi\u0161e dvorski me\u0111u dvorskima u u Sloveniji&#8220; potje\u010de iz 12. stolje\u0107a, kada je sjeverna pala\u010da sagra\u0111ena oko godine 1150, visoka obrambena kula &#8211; bergfrid &#8211; 1180, ju\u017ena pala\u010da 1220 i kula s kapelom 1260.<br \/>\n\u2063<br \/>\nIzvorni njema\u010dki naziv H\u00f6rberg ili Herberch ukazuje na visoku starost gra\u0111evine jer zna\u010di skloni\u0161te. U njemu su vojnici tra\u017eili uto\u010di\u0161te u opasnostima, a dana\u0161nji naziv Podsreda nema veze s izvornim imenom i vjerojatno ozna\u010dava dan koji je bio va\u017ean za tr\u017ei\u0161te, jer se za srijedu ka\u017ee da su pazarni i sudski dani na podsredskom trgovi\u0161tu.&#8221; title_font_size=&#8221;35&#8243;][vc_single_image image=&#8221;4373&#8243; img_size=&#8221;full&#8221;][\/vc_column_inner][vc_column_inner width=&#8221;1\/2&#8243; css=&#8221;.vc_custom_1568799485104{padding-left: 26px !important;}&#8221;][cms_image_single single_image=&#8221;4369&#8243;][cms_fancybox cms_template=&#8221;cms_fancybox&#8211;layout4.php&#8221; fcb_description=&#8221;Dvorac Podsreda nalazi se na podru\u010dju koje je ve\u0107 oko 1000 godine pripadalo grofovima Bre\u017ee-Seli\u0161kim, a kasnije grofici Emi Kr\u0161koj. Godine 1042 Ema je utemeljila \u017eenski benediktinski samostan u Krki u Koru\u0161kem,  u koji se i sama sklonila i ostavila mu sve svoje posjede. Nakon njezine smrti 1045 godine samostan je raspu\u0161ten, a imanje je pre\u0161lo u vlasni\u0161tvo novoosnovane Kr\u010dke biskupije.<br \/>\n\u2063<br \/>\nDvorac se u izvorima prvi put spominje tek 1213 godine, iako je sagra\u0111en sredinom 12. stolje\u0107a.<br \/>\n\u2063<br \/>\nU prvoj polovici 14. stolje\u0107a dvorac kupuje Friderik \u017dovne\u0161ki i ostaje u posjedu grofova Celjskih do njihova izumiranja. Habsbur\u0161ki su knezovi kao nasljednici celjskih posjeda preuzeli dvorac i iznajmili ga na odr\u017eavanje. \u010cesto su se mijenjali stanari i \u010duvari dvorca. Godine 1617 kupuje ga grof Sigmund Tattenbach, 1701 naslje\u0111uje ga grofica Eleonora E. Barbo, zatim njezina k\u0107i Marija H. pl. Apfaltrern i 1787 Franc barun plemeniti Lazarini. Prije 1848 imanje je kupio princ Weriand Windischgr\u00e4tz, koji je dvorcu sljede\u0107ih godina dao dana\u0161nji izgled. Dvorac je ostao u rukama njegovih nasljednika do kraja drugog svjetskog rata, kada je postao dr\u017eavno vlasni\u0161tvo.&#8221;][cms_space space_lg=&#8221;7&#8243; space_md=&#8221;7&#8243; space_sm=&#8221;32&#8243; space_xs=&#8221;32&#8243;][\/vc_column_inner][\/vc_row_inner][vc_column_text][\/vc_column_text][vc_row_inner][vc_column_inner width=&#8221;1\/2&#8243; cms_column_inner_class=&#8221;rm-padding-lg&#8221; css=&#8221;.vc_custom_1565853714253{padding-right: 30px !important;}&#8221;][cms_fancybox button_text=&#8221;WEB STRANICA KOZJANSKOG PARKA&#8221; button_link=&#8221;url:https%3A%2F%2Fkozjanski-park.si%2F|||&#8221; cms_template=&#8221;cms_fancybox&#8211;layout4.php&#8221; el_title=&#8221;Kozjanski regionalni park&#8221; fcb_description=&#8221;Dvorac koji najvi\u0161e nalikuje dvorcu u Sloveniji nalazi se u srcu za\u0161ti\u0107enog podru\u010dja Kozjanskog regionalnog parka. Dvorac je spomenik lokalnog zna\u010daja u vlasni\u0161tvu Op\u0107ine Kozje.&#8221; title_font_size=&#8221;35&#8243; fcb_description2=&#8221;Godine 1983 Kozjanski park preuzima upravljanje i iste godine zapo\u010dinje njegova sustavna obnova, popra\u0107ena bogatim programom revitalizacije koji karakterizira susret naslije\u0111a romanike i moderne umjetnosti.&#8221;][vc_column_text][\/vc_column_text][cms_image_single single_image=&#8221;23753&#8243;][cms_space space_lg=&#8221;7&#8243; space_md=&#8221;7&#8243; space_sm=&#8221;32&#8243; space_xs=&#8221;32&#8243;][\/vc_column_inner][vc_column_inner width=&#8221;1\/2&#8243; css=&#8221;.vc_custom_1568799485104{padding-left: 26px !important;}&#8221;][vc_single_image image=&#8221;7491&#8243; img_size=&#8221;full&#8221;][cms_space space_lg=&#8221;50&#8243; space_md=&#8221;50&#8243; space_sm=&#8221;50&#8243; space_xs=&#8221;50&#8243;][cms_fancybox button_link=&#8221;url:https%3A%2F%2Fkozjanski-park.si%2F|title:KOZJANSKI%20PARK||&#8221; cms_template=&#8221;cms_fancybox&#8211;layout4.php&#8221; fcb_description=&#8221;Kozjanski regionalni park jedno je od najstarijih i najve\u0107ih za\u0161ti\u0107enih podru\u010dja u zemlji. Nalazi se na spoju alpskog i panonskog svijeta na istoku Slovenije, izme\u0111u rijeka Sotle i Bohora, prostire se na 206 km\u00b2 i ima status regionalnog parka. Stolje\u0107a su\u017eivota \u010dovjeka s prirodom sukreirala su stani\u0161ta va\u017ena za o\u010duvanje prirode i pomogla o\u010duvanju mnogih biljnih i \u017eivotinjskih vrsta, koje su drugdje poznate samo iz knjiga.&#8221; fcb_description2=&#8221;Ovdje je krajolik prepoznatljiv po jo\u0161 uvijek o\u010duvanim vo\u0107njacima visoke gusto\u0107e, bre\u017euljkastim suhim livadama, bukovim \u0161umama i vla\u017enim livadama uz rijeku Sotlu. Kozjanska jabuka postala je vi\u0161e od vo\u0107a \u2013 ona je simbol o\u010duvane prirode, tradicije i prepoznatljivosti za\u0161ti\u0107enog podru\u010dja.&#8221; el_title=&#8221;Vi\u0161e o Kozjanskom regionalnom parku&#8221;][\/vc_column_inner][\/vc_row_inner][cms_space space_lg=&#8221;30&#8243; space_md=&#8221;30&#8243; space_sm=&#8221;30&#8243; space_xs=&#8221;30&#8243;][cms_fancybox cms_template=&#8221;cms_fancybox&#8211;layout4.php&#8221; fcb_description=&#8221;Kozjanski park krasi iznimna biotska raznolikost, a \u010dak sedamdeset posto parka pripada europskoj mre\u017ei Natura 2000, \u010dija je svrha o\u010duvanje biolo\u0161ke raznolikosti za budu\u0107e generacije. Od 2010 godine Kozjanski park dio je i \u0161ireg podru\u010dja koje ima status rezervata biosfere pod za\u0161titom UNESCO-a u sklopu programa \u010covjek i biosfera (MAB). Rezervatom biosfere Kozjansko i Obsotelje upravlja Javna ustanova Kozjanski park.&#8221; title_font_size=&#8221;35&#8243; fcb_description2=&#8221;Regionalni park Kozjanski je 2021 godine prvi u Sloveniji dobio me\u0111unarodnu nagradu UNESCO-Greece Melina Mercouri koja se dodjeljuje za izniman rad na podru\u010dju za\u0161tite i upravljanja svjetskim kulturnim krajolicima.&#8221;][\/vc_column][\/vc_row][vc_row][vc_column width=&#8221;1\/3&#8243;][vc_single_image image=&#8221;23760&#8243;][\/vc_column][vc_column width=&#8221;1\/3&#8243;][vc_single_image image=&#8221;23765&#8243;][\/vc_column][vc_column width=&#8221;1\/3&#8243;][vc_single_image image=&#8221;23755&#8243;][\/vc_column][\/vc_row][vc_row][vc_column][cms_fancybox cms_template=&#8221;cms_fancybox&#8211;layout4.php&#8221; fcb_description=&#8221;I na podru\u010dje kulturne ba\u0161tine Kozjanski park je krajolik s vi\u0161e lica. Dvorac Podsreda i mnogi drugi mogu\u010dni dvorci, crkve, srednjovjekovni trgovi, arheolo\u0161ka nalazi\u0161ta i naslje\u0111e svakodnevnog \u017eivota bude ma\u0161tu i pozivaju na istra\u017eivanje.&#8221; title_font_size=&#8221;35&#8243; fcb_description2=&#8221;Svojim raznolikim krajolikom Kozjanski park zanimljiv je posjetiteljima u svim godi\u0161njim dobima. Rascvjetani drvoredi, vo\u0107njaci i livade pozivaju u prolje\u0107e, brojne parkovne aktivnosti i doga\u0111anja ljeti, tradicionalna Fe\u0161ta kozjanske jabuke u jesen i mir netaknute prirode zimi.&#8221;][cms_space space_lg=&#8221;30&#8243; space_md=&#8221;30&#8243; space_sm=&#8221;30&#8243; space_xs=&#8221;30&#8243;][cms_video text_color=&#8221;#ffffff&#8221; sub_color=&#8221;#ffffff&#8221; sub_font_weight=&#8221;400&#8243; video_url=&#8221;https:\/\/www.youtube.com\/watch?v=VAInim_WaGA&#8221; video_bg_image=&#8221;23749&#8243; el_title=&#8221;Prezentacijski film o za\u0161ti\u0107enom podru\u010dju Kozjanskog parka&#8221; sub_title=&#8221;Predstavljamo vam novi prezentacijski film o Kozjanskom parku. Prikazuje prekrasnu prirodu i biotsku raznolikost na\u0161eg za\u0161ti\u0107enog podru\u010dja i bogatu kulturnu ba\u0161tinu raznolikog kozjanskog krajolika.<br \/>\nAutor filma je renomirani slovenski fotograf i snimatelj prirode Matej Vrani\u010d.<br \/>\nFilm je dijelom nastao pod okriljem projekta LIFE Naturaviva.&#8221;][\/vc_column][\/vc_row]<\/p>\n","protected":false},"excerpt":{"rendered":"<p>[vc_row full_width=&#8221;stretch_row&#8221; parallax=&#8221;content-moving&#8221; parallax_image=&#8221;3859&#8243; parallax_speed_bg=&#8221;1.1&#8243; css=&#8221;.vc_custom_1588698296525{background-image: url(https:\/\/castlepodsreda.com\/wp-content\/uploads\/2020\/05\/ozadje-grad-podsreda.jpg?id=4371) !important;}&#8221;][vc_column css=&#8221;.vc_custom_1565852493842{padding-top: 0px !important;}&#8221;][vc_single_image image=&#8221;4089&#8243; img_size=&#8221;full&#8221; alignment=&#8221;center&#8221;][cms_heading text_before=&#8221;Cijenjeni posjetitelji ili gosti dvorca,&#8221; tag=&#8221;h4&#8243; align_lg=&#8221;align-center&#8221; align_md=&#8221;align-center-md&#8221; align_sm=&#8221;align-center-sm&#8221; align_xs=&#8221;align-center-xs&#8221; cms_template=&#8221;cms_heading&#8211;layout2.php&#8221;][vc_column_text] Dobrodo\u0161li na web stranicu &#8220;najboljeg dvorca me\u0111u dvorcima u Sloveniji&#8221;, srednjovjekovnog dvorca Podsreda iz ranog 12. stolje\u0107a, koji je izdr\u017eao test vremena i iz derutnog stanja izrastao u sredi\u0161te kulturnih, [&hellip;]<\/p>\n","protected":false},"author":2,"featured_media":26158,"parent":0,"menu_order":0,"comment_status":"closed","ping_status":"closed","template":"","meta":[],"yoast_head":"<!-- This site is optimized with the Yoast SEO plugin v19.14 - https:\/\/yoast.com\/wordpress\/plugins\/seo\/ -->\n<title>NA\u0160A PRI\u010cA | Grad Podsreda | Sobe in apartmaji | Grajska ponudba<\/title>\n<meta name=\"robots\" content=\"index, follow, max-snippet:-1, max-image-preview:large, max-video-preview:-1\" \/>\n<link rel=\"canonical\" href=\"https:\/\/castlepodsreda.com\/hr\/nasa-prica\/\" \/>\n<meta property=\"og:locale\" content=\"hr_HR\" \/>\n<meta property=\"og:type\" content=\"article\" \/>\n<meta property=\"og:title\" content=\"NA\u0160A PRI\u010cA | Grad Podsreda | Sobe in apartmaji | Grajska ponudba\" \/>\n<meta property=\"og:description\" content=\"[vc_row full_width=&#8221;stretch_row&#8221; parallax=&#8221;content-moving&#8221; parallax_image=&#8221;3859&#8243; parallax_speed_bg=&#8221;1.1&#8243; css=&#8221;.vc_custom_1588698296525{background-image: url(https:\/\/castlepodsreda.com\/wp-content\/uploads\/2020\/05\/ozadje-grad-podsreda.jpg?id=4371) !important;}&#8221;][vc_column css=&#8221;.vc_custom_1565852493842{padding-top: 0px !important;}&#8221;][vc_single_image image=&#8221;4089&#8243; img_size=&#8221;full&#8221; alignment=&#8221;center&#8221;][cms_heading text_before=&#8221;Cijenjeni posjetitelji ili gosti dvorca,&#8221; tag=&#8221;h4&#8243; align_lg=&#8221;align-center&#8221; align_md=&#8221;align-center-md&#8221; align_sm=&#8221;align-center-sm&#8221; align_xs=&#8221;align-center-xs&#8221; cms_template=&#8221;cms_heading&#8211;layout2.php&#8221;][vc_column_text] Dobrodo\u0161li na web stranicu &#8220;najboljeg dvorca me\u0111u dvorcima u Sloveniji&#8221;, srednjovjekovnog dvorca Podsreda iz ranog 12. stolje\u0107a, koji je izdr\u017eao test vremena i iz derutnog stanja izrastao u sredi\u0161te kulturnih, [&hellip;]\" \/>\n<meta property=\"og:url\" content=\"https:\/\/castlepodsreda.com\/hr\/nasa-prica\/\" \/>\n<meta property=\"og:site_name\" content=\"Grad Podsreda | Sobe in apartmaji | Grajska ponudba\" \/>\n<meta property=\"article:publisher\" content=\"https:\/\/www.facebook.com\/podsredacastle\" \/>\n<meta property=\"article:modified_time\" content=\"2023-11-23T08:33:59+00:00\" \/>\n<meta property=\"og:image\" content=\"https:\/\/castlepodsreda.com\/wp-content\/uploads\/2020\/04\/zgodovina-gradu-podsreda-1-980x650.jpg\" \/>\n\t<meta property=\"og:image:width\" content=\"980\" \/>\n\t<meta property=\"og:image:height\" content=\"650\" \/>\n\t<meta property=\"og:image:type\" content=\"image\/jpeg\" \/>\n<meta name=\"twitter:card\" content=\"summary_large_image\" \/>\n<meta name=\"twitter:label1\" content=\"Procijenjeno vrijeme \u010ditanja\" \/>\n\t<meta name=\"twitter:data1\" content=\"7 minuta\" \/>\n<script type=\"application\/ld+json\" class=\"yoast-schema-graph\">{\"@context\":\"https:\/\/schema.org\",\"@graph\":[{\"@type\":\"WebPage\",\"@id\":\"https:\/\/castlepodsreda.com\/hr\/nasa-prica\/\",\"url\":\"https:\/\/castlepodsreda.com\/hr\/nasa-prica\/\",\"name\":\"NA\u0160A PRI\u010cA | Grad Podsreda | Sobe in apartmaji | Grajska ponudba\",\"isPartOf\":{\"@id\":\"https:\/\/castlepodsreda.com\/hr\/#website\"},\"datePublished\":\"2019-05-17T04:10:26+00:00\",\"dateModified\":\"2023-11-23T08:33:59+00:00\",\"breadcrumb\":{\"@id\":\"https:\/\/castlepodsreda.com\/hr\/nasa-prica\/#breadcrumb\"},\"inLanguage\":\"hr\",\"potentialAction\":[{\"@type\":\"ReadAction\",\"target\":[\"https:\/\/castlepodsreda.com\/hr\/nasa-prica\/\"]}]},{\"@type\":\"BreadcrumbList\",\"@id\":\"https:\/\/castlepodsreda.com\/hr\/nasa-prica\/#breadcrumb\",\"itemListElement\":[{\"@type\":\"ListItem\",\"position\":1,\"name\":\"Home\",\"item\":\"https:\/\/castlepodsreda.com\/hr\/\"},{\"@type\":\"ListItem\",\"position\":2,\"name\":\"NA\u0160A PRI\u010cA\"}]},{\"@type\":\"WebSite\",\"@id\":\"https:\/\/castlepodsreda.com\/hr\/#website\",\"url\":\"https:\/\/castlepodsreda.com\/hr\/\",\"name\":\"Grad Podsreda | Sobe in apartmaji | Grajska ponudba\",\"description\":\"Najbolj grajski med gradovi v Sloveniji\",\"publisher\":{\"@id\":\"https:\/\/castlepodsreda.com\/hr\/#organization\"},\"potentialAction\":[{\"@type\":\"SearchAction\",\"target\":{\"@type\":\"EntryPoint\",\"urlTemplate\":\"https:\/\/castlepodsreda.com\/hr\/?s={search_term_string}\"},\"query-input\":\"required name=search_term_string\"}],\"inLanguage\":\"hr\"},{\"@type\":\"Organization\",\"@id\":\"https:\/\/castlepodsreda.com\/hr\/#organization\",\"name\":\"Grad Podsreda | Sobe in apartmaji | Grajska ponudba\",\"url\":\"https:\/\/castlepodsreda.com\/hr\/\",\"logo\":{\"@type\":\"ImageObject\",\"inLanguage\":\"hr\",\"@id\":\"https:\/\/castlepodsreda.com\/hr\/#\/schema\/logo\/image\/\",\"url\":\"https:\/\/castlepodsreda.com\/wp-content\/uploads\/2020\/04\/logo-grad-podsreda-2.jpg\",\"contentUrl\":\"https:\/\/castlepodsreda.com\/wp-content\/uploads\/2020\/04\/logo-grad-podsreda-2.jpg\",\"width\":576,\"height\":576,\"caption\":\"Grad Podsreda | Sobe in apartmaji | Grajska ponudba\"},\"image\":{\"@id\":\"https:\/\/castlepodsreda.com\/hr\/#\/schema\/logo\/image\/\"},\"sameAs\":[\"https:\/\/www.instagram.com\/podsredacastle\/\",\"https:\/\/www.facebook.com\/podsredacastle\"]}]}<\/script>\n<!-- \/ Yoast SEO plugin. -->","yoast_head_json":{"title":"NA\u0160A PRI\u010cA | Grad Podsreda | Sobe in apartmaji | Grajska ponudba","robots":{"index":"index","follow":"follow","max-snippet":"max-snippet:-1","max-image-preview":"max-image-preview:large","max-video-preview":"max-video-preview:-1"},"canonical":"https:\/\/castlepodsreda.com\/hr\/nasa-prica\/","og_locale":"hr_HR","og_type":"article","og_title":"NA\u0160A PRI\u010cA | Grad Podsreda | Sobe in apartmaji | Grajska ponudba","og_description":"[vc_row full_width=&#8221;stretch_row&#8221; parallax=&#8221;content-moving&#8221; parallax_image=&#8221;3859&#8243; parallax_speed_bg=&#8221;1.1&#8243; css=&#8221;.vc_custom_1588698296525{background-image: url(https:\/\/castlepodsreda.com\/wp-content\/uploads\/2020\/05\/ozadje-grad-podsreda.jpg?id=4371) !important;}&#8221;][vc_column css=&#8221;.vc_custom_1565852493842{padding-top: 0px !important;}&#8221;][vc_single_image image=&#8221;4089&#8243; img_size=&#8221;full&#8221; alignment=&#8221;center&#8221;][cms_heading text_before=&#8221;Cijenjeni posjetitelji ili gosti dvorca,&#8221; tag=&#8221;h4&#8243; align_lg=&#8221;align-center&#8221; align_md=&#8221;align-center-md&#8221; align_sm=&#8221;align-center-sm&#8221; align_xs=&#8221;align-center-xs&#8221; cms_template=&#8221;cms_heading&#8211;layout2.php&#8221;][vc_column_text] Dobrodo\u0161li na web stranicu &#8220;najboljeg dvorca me\u0111u dvorcima u Sloveniji&#8221;, srednjovjekovnog dvorca Podsreda iz ranog 12. stolje\u0107a, koji je izdr\u017eao test vremena i iz derutnog stanja izrastao u sredi\u0161te kulturnih, [&hellip;]","og_url":"https:\/\/castlepodsreda.com\/hr\/nasa-prica\/","og_site_name":"Grad Podsreda | Sobe in apartmaji | Grajska ponudba","article_publisher":"https:\/\/www.facebook.com\/podsredacastle","article_modified_time":"2023-11-23T08:33:59+00:00","og_image":[{"width":980,"height":650,"url":"https:\/\/castlepodsreda.com\/wp-content\/uploads\/2020\/04\/zgodovina-gradu-podsreda-1-980x650.jpg","type":"image\/jpeg"}],"twitter_card":"summary_large_image","twitter_misc":{"Procijenjeno vrijeme \u010ditanja":"7 minuta"},"schema":{"@context":"https:\/\/schema.org","@graph":[{"@type":"WebPage","@id":"https:\/\/castlepodsreda.com\/hr\/nasa-prica\/","url":"https:\/\/castlepodsreda.com\/hr\/nasa-prica\/","name":"NA\u0160A PRI\u010cA | Grad Podsreda | Sobe in apartmaji | Grajska ponudba","isPartOf":{"@id":"https:\/\/castlepodsreda.com\/hr\/#website"},"datePublished":"2019-05-17T04:10:26+00:00","dateModified":"2023-11-23T08:33:59+00:00","breadcrumb":{"@id":"https:\/\/castlepodsreda.com\/hr\/nasa-prica\/#breadcrumb"},"inLanguage":"hr","potentialAction":[{"@type":"ReadAction","target":["https:\/\/castlepodsreda.com\/hr\/nasa-prica\/"]}]},{"@type":"BreadcrumbList","@id":"https:\/\/castlepodsreda.com\/hr\/nasa-prica\/#breadcrumb","itemListElement":[{"@type":"ListItem","position":1,"name":"Home","item":"https:\/\/castlepodsreda.com\/hr\/"},{"@type":"ListItem","position":2,"name":"NA\u0160A PRI\u010cA"}]},{"@type":"WebSite","@id":"https:\/\/castlepodsreda.com\/hr\/#website","url":"https:\/\/castlepodsreda.com\/hr\/","name":"Grad Podsreda | Sobe in apartmaji | Grajska ponudba","description":"Najbolj grajski med gradovi v Sloveniji","publisher":{"@id":"https:\/\/castlepodsreda.com\/hr\/#organization"},"potentialAction":[{"@type":"SearchAction","target":{"@type":"EntryPoint","urlTemplate":"https:\/\/castlepodsreda.com\/hr\/?s={search_term_string}"},"query-input":"required name=search_term_string"}],"inLanguage":"hr"},{"@type":"Organization","@id":"https:\/\/castlepodsreda.com\/hr\/#organization","name":"Grad Podsreda | Sobe in apartmaji | Grajska ponudba","url":"https:\/\/castlepodsreda.com\/hr\/","logo":{"@type":"ImageObject","inLanguage":"hr","@id":"https:\/\/castlepodsreda.com\/hr\/#\/schema\/logo\/image\/","url":"https:\/\/castlepodsreda.com\/wp-content\/uploads\/2020\/04\/logo-grad-podsreda-2.jpg","contentUrl":"https:\/\/castlepodsreda.com\/wp-content\/uploads\/2020\/04\/logo-grad-podsreda-2.jpg","width":576,"height":576,"caption":"Grad Podsreda | Sobe in apartmaji | Grajska ponudba"},"image":{"@id":"https:\/\/castlepodsreda.com\/hr\/#\/schema\/logo\/image\/"},"sameAs":["https:\/\/www.instagram.com\/podsredacastle\/","https:\/\/www.facebook.com\/podsredacastle"]}]}},"_links":{"self":[{"href":"https:\/\/castlepodsreda.com\/hr\/wp-json\/wp\/v2\/pages\/34364"}],"collection":[{"href":"https:\/\/castlepodsreda.com\/hr\/wp-json\/wp\/v2\/pages"}],"about":[{"href":"https:\/\/castlepodsreda.com\/hr\/wp-json\/wp\/v2\/types\/page"}],"author":[{"embeddable":true,"href":"https:\/\/castlepodsreda.com\/hr\/wp-json\/wp\/v2\/users\/2"}],"replies":[{"embeddable":true,"href":"https:\/\/castlepodsreda.com\/hr\/wp-json\/wp\/v2\/comments?post=34364"}],"version-history":[{"count":5,"href":"https:\/\/castlepodsreda.com\/hr\/wp-json\/wp\/v2\/pages\/34364\/revisions"}],"predecessor-version":[{"id":34370,"href":"https:\/\/castlepodsreda.com\/hr\/wp-json\/wp\/v2\/pages\/34364\/revisions\/34370"}],"wp:featuredmedia":[{"embeddable":true,"href":"https:\/\/castlepodsreda.com\/hr\/wp-json\/wp\/v2\/media\/26158"}],"wp:attachment":[{"href":"https:\/\/castlepodsreda.com\/hr\/wp-json\/wp\/v2\/media?parent=34364"}],"curies":[{"name":"wp","href":"https:\/\/api.w.org\/{rel}","templated":true}]}}