{"id":34397,"date":"2023-07-28T09:03:15","date_gmt":"2023-07-28T09:03:15","guid":{"rendered":"https:\/\/castlepodsreda.com\/?page_id=34397"},"modified":"2024-06-10T11:09:05","modified_gmt":"2024-06-10T11:09:05","slug":"otkrijte-odrzivo-nasljede-naseg-dvorca","status":"publish","type":"page","link":"https:\/\/castlepodsreda.com\/hr\/otkrijte-odrzivo-nasljede-naseg-dvorca\/","title":{"rendered":"OTKRIJTE ODR\u017dIVO NASLJE\u0110E NA\u0160EG DVORCA"},"content":{"rendered":"<p>[vc_row][vc_column width=&#8221;1\/3&#8243;][vc_single_image image=&#8221;34174&#8243; img_size=&#8221;full&#8221; onclick=&#8221;custom_link&#8221; link=&#8221;https:\/\/www.slovenia.info\/en\/business\/green-scheme-of-slovenian-tourism&#8221;][\/vc_column][vc_column width=&#8221;1\/3&#8243;][vc_single_image image=&#8221;34177&#8243; img_size=&#8221;full&#8221; onclick=&#8221;custom_link&#8221; link=&#8221;https:\/\/www.greenkey.global\/&#8221;][\/vc_column][vc_column width=&#8221;1\/3&#8243;][vc_single_image image=&#8221;34180&#8243; img_size=&#8221;full&#8221; onclick=&#8221;custom_link&#8221; link=&#8221;https:\/\/www.slovenia.info\/en\/stories\/accommodation-providers-with-the-slovenia-green-label&#8221;][\/vc_column][\/vc_row][vc_row equal_height=&#8221;yes&#8221;][vc_column width=&#8221;1\/2&#8243; css=&#8221;.vc_custom_1587761274699{padding-right: 40px !important;padding-left: 80px !important;}&#8221;][cms_space space_lg=&#8221;40&#8243;][cms_fancybox font_weight=&#8221;700&#8243; letter_spacing=&#8221;0.025em&#8221; cms_template=&#8221;cms_fancybox&#8211;layout4.php&#8221; el_title=&#8221;Dragi posjetitelji i gosti dvorca Podsreda,&#8221; title_font_size=&#8221;25&#8243; fcb_description=&#8221;dobrodo\u0161li u srcu za\u0161ti\u0107enog podru\u010dja Regionalnog parka Kozjansko, gdje se isprepli\u0107u odr\u017eivost i povijest. Kao skrbnici ove dragocjene kulturne ba\u0161tine, pozivamo vas da s nama krenete na zeleno putovanje koje u dvorsko naslje\u0111e uklju\u010duje predanost o\u010duvanju prirodnih ljepota koje su nam darovane.&#8221; fcb_description2=&#8221;Unutar drevnih zidina dvorca ponosno ostvarujemo sr\u017e odr\u017eivog poslovanja i nastojimo s odr\u017eivim praksama u odr\u017eavanju, uslugama, logistici i proizvodima smanjiti negativan utjecaj na okoli\u0161.&#8221;][\/vc_column][vc_column width=&#8221;1\/2&#8243; css=&#8221;.vc_custom_1587761295408{padding-top: 60px !important;}&#8221;][cms_image_single single_image=&#8221;34158&#8243; textbox_align=&#8221;text-center&#8221; max_height_image=&#8221;450&#8243;][\/vc_column][vc_column][\/vc_column][\/vc_row][vc_row equal_height=&#8221;yes&#8221;][vc_column width=&#8221;1\/2&#8243; css=&#8221;.vc_custom_1587761274699{padding-right: 40px !important;padding-left: 80px !important;}&#8221;][cms_space space_lg=&#8221;40&#8243;][cms_image_single single_image=&#8221;9127&#8243; max_height_image=&#8221;450&#8243;][\/vc_column][vc_column width=&#8221;1\/2&#8243; css=&#8221;.vc_custom_1587761295408{padding-top: 60px !important;}&#8221;][cms_fancybox font_weight=&#8221;700&#8243; letter_spacing=&#8221;0.025em&#8221; des_font_weight=&#8221;700&#8243; cms_template=&#8221;cms_fancybox&#8211;layout4.php&#8221; title_font_size=&#8221;25&#8243; fcb_description=&#8221;Kozjanski park, koji upravlja dvorcem Podsreda, \u010dlan je obitelji \u010detiriju parkova ponosnih nositelja znaka GREEN PARK ve\u0107 od 2017. godine. Osim toga, smje\u0161ten je u zajedni\u010dkoj turisti\u010dkoj destinaciji Pod\u010detrtek, koja nosi oznaku SLOVENIA GREEN DESTINATION.&#8221; fcb_description2=&#8221;Dobivanjem certifikata Green Key te oznake SLOVENIA GREEN ATTRACTION za dvorac Podsreda i SLOVENIA GREEN ACCOMMODATION za sobe i apartmane na dvorcu Podsreda dodatno smo nadogradili svoje zelene zavjete o odr\u017eivom razvoju i poslovanju.&#8221;][\/vc_column][\/vc_row][vc_row][vc_column][vc_empty_space height=&#8221;60px&#8221;][\/vc_column][\/vc_row][vc_row full_width=&#8221;stretch_row_content_no_spaces&#8221; parallax=&#8221;content-moving-fade&#8221; parallax_image=&#8221;4366&#8243; parallax_speed_bg=&#8221;2.5&#8243; css=&#8221;.vc_custom_1588697604258{padding-top: 100px !important;padding-bottom: 100px !important;}&#8221;][vc_column][cms_heading text=&#8221;Upoznajte Zelenu shemu slovenskog turizma&#8221; align_lg=&#8221;align-center&#8221; align_sm=&#8221;align-center-sm&#8221; align_xs=&#8221;align-center-xs&#8221; text_color=&#8221;#ffffff&#8221; sub_color=&#8221;#ffffff&#8221; cms_template=&#8221;cms_heading&#8211;layout3.php&#8221; sub_title=&#8221;Zelena shema slovenskog turizma (ZSST) nacionalni je program i certifikacijski sustav koji pod zajedni\u010dkim nazivom SLOVENIA GREEN objedinjuje sva nastojanja za odr\u017eivi razvoj turizma u Sloveniji. Ona destinacijama i ponu\u0111a\u010dima pru\u017ea konkretne alate za procjenu i pobolj\u0161anje odr\u017eivog poslovanja, te to zeleno djelovanje promovira pod brendom Slovenia Green.&#8221;][cms_button button_text=&#8221;Zelena shema slovenskog turizma&#8221; button_link=&#8221;url:https%3A%2F%2Fwww.slovenia.info%2Fsl%2Fposlovne-strani%2Fzelena-shema-slovenskega-turizma||target:%20_blank|&#8221; button_style=&#8221;btn-2x&#8221; button_color=&#8221;#ffffff&#8221; border_color=&#8221;#ffffff&#8221; font_weight=&#8221;400&#8243; button_align=&#8221;center&#8221; button_align_md=&#8221;center&#8221; button_align_sm=&#8221;center&#8221; button_align_xs=&#8221;center&#8221;][\/vc_column][\/vc_row][vc_row][vc_column][cms_space space_lg=&#8221;60&#8243; space_md=&#8221;40&#8243; space_sm=&#8221;40&#8243; space_xs=&#8221;30&#8243;][cms_space space_lg=&#8221;60&#8243; space_md=&#8221;40&#8243; space_sm=&#8221;40&#8243; space_xs=&#8221;30&#8243;][vc_single_image image=&#8221;4089&#8243; alignment=&#8221;center&#8221;][cms_heading text=&#8221;OKOLJSKA OZNAKA &#8220;GREEN KEY&#8220;&#8221; align_lg=&#8221;align-center&#8221; align_md=&#8221;align-center-md&#8221; align_sm=&#8221;align-center-sm&#8221; align_xs=&#8221;align-center-xs&#8221; cms_template=&#8221;cms_heading&#8211;layout3.php&#8221; sub_title=&#8221;Okoljska oznaka &#8220;GREEN KEY&#8220; vode\u0107i je standard izvrsnosti u podru\u010dju ekolo\u0161ke odgovornosti i odr\u017eivog poslovanja u turisti\u010dkoj industriji. To predstavlja predanost pru\u017eatelja usluga da po\u0161tuju STROGE KRITERIJE koje je odredila Me\u0111unarodna zaklada za obrazovanje o okolini (FEE).&#8221;][\/vc_column][\/vc_row][vc_row equal_height=&#8221;yes&#8221; css=&#8221;.vc_custom_1604663651779{padding-top: 60px !important;}&#8221;][vc_column width=&#8221;1\/2&#8243; css=&#8221;.vc_custom_1587761397596{padding-right: 40px !important;padding-left: px !important;}&#8221;][cms_image_single single_image=&#8221;24018&#8243; button_link=&#8221;url:https%3A%2F%2Fwww.zelenikljuc.si%2F|||&#8221; textbox_align=&#8221;text-center&#8221; max_height_image=&#8221;400&#8243;][cms_space][cms_space][cms_space space_lg=&#8221;60&#8243; space_md=&#8221;40&#8243; space_sm=&#8221;40&#8243; space_xs=&#8221;30&#8243;][\/vc_column][vc_column width=&#8221;1\/2&#8243; css=&#8221;.vc_custom_1591037282324{padding-top: px !important;padding-right: 40px !important;padding-left: 30px !important;}&#8221;][vc_column_text]<strong>Dobivanjem oznake dobili smo priznanje za: IZVRSNOST U PODRU\u010cJU EKOLO\u0160KE ODGOVORNOSTI I ODR\u017dIVOG POSLOVANJA.<\/strong><\/p>\n<p>Izjavljujemo da:<\/p>\n<ul>\n<li>postupamo na na\u010din prijateljski prema okoli\u0161u u svim podru\u010djima na\u0161eg poslovanja,<\/li>\n<li>svjesni smo va\u017enosti odr\u017eivosti i educiramo na\u0161e posjetitelje, goste, prijatelje i rodbinu o va\u017enosti o\u010duvanja okoli\u0161a,<\/li>\n<li>kontinuirano tra\u017eimo nove na\u010dine za odgovorno postupanje s prirodnim resursima i u\u010dinkovitu uporabu elektri\u010dne i toplinske energije.<\/li>\n<\/ul>\n<p><a href=\"https:\/\/www.greenkey.global\/\">Zeleni klju\u010d \u2013 Otklju\u010davanje odr\u017eivosti u ugostiteljskoj industriji.<\/a><\/p>\n<p>Upravlja Zaklada za odgoj i obrazovanje za okoli\u0161[\/vc_column_text][cms_button button_text=&#8221;VI\u0160E O ZELENOM KLJU\u010cU&#8221; button_link=&#8221;url:https%3A%2F%2Fwww.zelenikljuc.si%2F|||&#8221; font_weight=&#8221;400&#8243; button_align=&#8221;center&#8221; button_align_md=&#8221;center&#8221; button_align_sm=&#8221;center&#8221; button_align_xs=&#8221;center&#8221;][cms_space space_lg=&#8221;60&#8243; space_md=&#8221;40&#8243; space_sm=&#8221;40&#8243; space_xs=&#8221;30&#8243;][\/vc_column][\/vc_row][vc_row css=&#8221;.vc_custom_1718017610062{background-color: #dddddd !important;}&#8221;][vc_column][cms_space space_lg=&#8221;60&#8243; space_md=&#8221;40&#8243; space_sm=&#8221;40&#8243; space_xs=&#8221;30&#8243;][vc_column_text]<\/p>\n<div class=\"wpb_text_column wpb_content_element \">\n<div class=\"wpb_wrapper\">\n<h5 style=\"text-align: center;\"><span style=\"color: #339966;\"><strong><a style=\"color: #339966;\" href=\"https:\/\/castlepodsreda.com\/wp-content\/uploads\/2024\/06\/GREEN-KEY-CERTIFIKAT-2023-1.pdf\" target=\"_blank\" rel=\"noopener\">Certifikat Green Key 2024 GRAD PODSREDA<\/a><\/strong><\/span><br \/>\n<span style=\"color: #339966;\"><strong><a style=\"color: #339966;\" href=\"https:\/\/castlepodsreda.com\/wp-content\/uploads\/2024\/06\/GREEN-KEY-CERTIFIKAT-2023-1.pdf\" target=\"_blank\" rel=\"noopener\">IN SOBE I APARTMANI NA GRADU PODSREDA (PDF)<\/a>\u00a0<\/strong><\/span><\/h5>\n<\/div>\n<\/div>\n<div class=\"wpb_text_column wpb_content_element \">\n<div class=\"wpb_wrapper\" style=\"text-align: center;\"><a href=\"https:\/\/www.zelenikljuc.si\/wp-content\/uploads\/2021\/08\/Letak-ANG-marec-2021-min.pdf\">Poveznica na bro\u0161uru UNLOCKING SUSTAINABILITY IN THE HOSPITALITY<\/a><br \/>\n<a href=\"https:\/\/www.zelenikljuc.si\/wp-content\/uploads\/2021\/08\/Letak-ANG-marec-2021-min.pdf\">INDUSTRY<\/a><\/div>\n<\/div>\n<p>[\/vc_column_text][cms_space space_lg=&#8221;60&#8243; space_md=&#8221;40&#8243; space_sm=&#8221;40&#8243; space_xs=&#8221;30&#8243;][\/vc_column][\/vc_row][vc_row][vc_column][cms_space space_lg=&#8221;60&#8243; space_md=&#8221;40&#8243; space_sm=&#8221;40&#8243; space_xs=&#8221;30&#8243;][cms_space space_lg=&#8221;60&#8243; space_md=&#8221;40&#8243; space_sm=&#8221;40&#8243; space_xs=&#8221;30&#8243;][vc_single_image image=&#8221;4089&#8243; alignment=&#8221;center&#8221;][cms_heading text=&#8221;SLOVENIA GREEN&#8221; align_lg=&#8221;align-center&#8221; align_md=&#8221;align-center-md&#8221; align_sm=&#8221;align-center-sm&#8221; align_xs=&#8221;align-center-xs&#8221; cms_template=&#8221;cms_heading&#8211;layout3.php&#8221; sub_title=&#8221;Zelena shema slovenskog turizma (ZSST) cjelovito je osmi\u0161ljen nacionalni sustav za poticanje razvoja odr\u017eivog turizma u Sloveniji na svim stupnjevima odr\u017eivog razvoja &#8211; okoli\u0161nom, dru\u0161tvenom i ekonomskom.&#8221;][cms_space space_lg=&#8221;40&#8243; space_md=&#8221;30&#8243; space_sm=&#8221;20&#8243;][cms_button button_text=&#8221;Zelena pri\u010da Slovenije&#8221; button_link=&#8221;url:https%3A%2F%2Fwww.slovenia.info%2Fsl%2Fzgodbe%2Fzelena-zgodba-slovenije|||&#8221; font_weight=&#8221;400&#8243; button_align=&#8221;center&#8221; button_align_md=&#8221;center&#8221; button_align_sm=&#8221;center&#8221; button_align_xs=&#8221;center&#8221;][\/vc_column][\/vc_row][vc_row equal_height=&#8221;yes&#8221; css=&#8221;.vc_custom_1604663651779{padding-top: 60px !important;}&#8221;][vc_column width=&#8221;1\/2&#8243; css=&#8221;.vc_custom_1587761397596{padding-right: 40px !important;padding-left: px !important;}&#8221;][cms_space][vc_column_text]Od studenog 2023. godine, dvorac Podsreda postao je dio <a href=\"https:\/\/www.slovenia.info\/sl\/zgodbe\/zelena-zgodba-slovenije\">Zelene sheme slovenskog turizma<\/a> s dobivanjem oznake Slovenia Green Attraction za dvorac Podsreda i <a href=\"https:\/\/www.slovenia.info\/sl\/zgodbe\/nastanitveni-ponudniki-z-znakom-slovenia-green\">Slovenia Green Accommodation<\/a> za Sobe i apartmane na dvorcu Podsreda. Potpisivanjem Zelene obveze slovenskog turizma, kojom smo s punom odgovorno\u0161\u0107u prihvatili 10 trajnostnih na\u010dela, obvezali smo se na odr\u017eivo poslovanje i neprestane napore za pobolj\u0161anja.[\/vc_column_text][vc_column_text]<strong>Dvorac Podsreda tako je postao PRVA ZNAMENITOST &#8220;OBOJENA&#8221; ZELENO na podru\u010dju \u0161ire regije Savinjske.<\/strong><\/p>\n<p><strong>Sobe i apartmani na dvorcu Podsreda pridru\u017eili su se JO\u0160 DVA ZELENA SMJE\u0160TAJA u destinaciji Pod\u010detrtek. To priznanje potvr\u0111uje na\u0161u predanost odgovornom turisti\u010dkom do\u017eivljaju.<\/strong>[\/vc_column_text][cms_space][\/vc_column][vc_column width=&#8221;1\/2&#8243; css=&#8221;.vc_custom_1591037282324{padding-top: px !important;padding-right: 40px !important;padding-left: 30px !important;}&#8221;][cms_image_single single_image=&#8221;34161&#8243; button_link=&#8221;url:https%3A%2F%2Fwww.slovenia.info%2Fsl%2Fposlovne-strani%2Fzelena-shema-slovenskega-turizma|||&#8221; textbox_align=&#8221;text-center&#8221; max_height_image=&#8221;400&#8243;][\/vc_column][\/vc_row][vc_row][vc_column][cms_space space_lg=&#8221;60&#8243; space_md=&#8221;40&#8243; space_sm=&#8221;40&#8243; space_xs=&#8221;30&#8243;][cms_space space_lg=&#8221;60&#8243; space_md=&#8221;40&#8243; space_sm=&#8221;40&#8243; space_xs=&#8221;30&#8243;][vc_single_image image=&#8221;4089&#8243; alignment=&#8221;center&#8221;][\/vc_column][\/vc_row][vc_row equal_height=&#8221;yes&#8221; css=&#8221;.vc_custom_1604663651779{padding-top: 60px !important;}&#8221;][vc_column width=&#8221;1\/2&#8243; css=&#8221;.vc_custom_1587761397596{padding-right: 40px !important;padding-left: px !important;}&#8221;][cms_fancybox font_weight=&#8221;700&#8243; letter_spacing=&#8221;0.025em&#8221; button_text=&#8221;VI\u0160E O PONUDI SMJE\u0160TAJA&#8221; button_link=&#8221;url:https%3A%2F%2Fcastlepodsreda.com%2Fhr%2Fsmjestaj-u-dvorcu-podsreda%2F|title:ODPIRALNI%20%C4%8CAS%20IN%20VSTOPNINA||&#8221; cms_template=&#8221;cms_fancybox&#8211;layout4.php&#8221; el_title=&#8221;OTKRIJTE ODR\u017dIVU RASKO\u0160 U DVORSKIM SMJE\u0160TAJIMA&#8221; title_font_size=&#8221;25&#8243; fcb_description=&#8221;Do\u017eivite odr\u017eivu ponudu u zagrljaju srednjovjekovnog dvorca i dvorskih smje\u0161taja, gdje se trudimo po\u0161tivati predanost o\u010duvanja okoli\u0161a i smanjenja ekolo\u0161kog otiska na svakom koraku.&#8221; fcb_description2=&#8221;Pozivamo svoje goste da posjetom dvorcu Podsreda prihvate koncept ekolo\u0161kog djelovanja i postanu dio na\u0161eg plemenitog nastojanja. Jer zemlja kojom hodamo i prirodna blaga koja cijenimo nisu samo naslije\u0111e na\u0161ih predaka, ve\u0107 su zajam od na\u0161e djece, povjeren nam da ga \u010duvamo i s po\u0161tovanjem i pa\u017enjom predamo dalje.&#8221;][cms_space][\/vc_column][vc_column width=&#8221;1\/2&#8243; css=&#8221;.vc_custom_1591037282324{padding-top: px !important;padding-right: 40px !important;padding-left: 30px !important;}&#8221;][cms_image_single single_image=&#8221;24038&#8243;][\/vc_column][\/vc_row][vc_row][vc_column][cms_space space_lg=&#8221;60&#8243; space_md=&#8221;40&#8243; space_sm=&#8221;40&#8243; space_xs=&#8221;30&#8243;][vc_single_image image=&#8221;4089&#8243; alignment=&#8221;center&#8221;][cms_heading text=&#8221;NA\u0160E EKOLO\u0160KE INICIJATIVE&#8221; align_lg=&#8221;align-center&#8221; align_md=&#8221;align-center-md&#8221; align_sm=&#8221;align-center-sm&#8221; align_xs=&#8221;align-center-xs&#8221; cms_template=&#8221;cms_heading&#8211;layout3.php&#8221; sub_title=&#8221;Otvorite srce zelenim navikama za ljep\u0161u budu\u0107nost. Za vas smo pripravili smjernice za posjet dvorcu Podsreda. Bit \u0107emo sretni ako nam svojim odgovornim pona\u0161anjem pomognete u o\u010duvanju okoli\u0161a.&#8221;][cms_fancybox font_weight=&#8221;700&#8243; icon_fontawesome=&#8221;far fa-handshake&#8221; cms_template=&#8221;cms_fancybox&#8211;layout9.php&#8221; el_title=&#8221;6 MALIH KORAKA, ZA 6 VELIKIH PROMJENA&#8221; fcb_description=&#8221;&#8220;Da bismo mogli promijeniti sve, trebamo svakoga.&#8220; &#8211; Greta Thunberg&#8221;][vc_column_text][\/vc_column_text][cms_space space_lg=&#8221;80&#8243; space_md=&#8221;80&#8243; space_sm=&#8221;80&#8243; space_xs=&#8221;80&#8243;][\/vc_column][\/vc_row][vc_row equal_height=&#8221;yes&#8221;][vc_column width=&#8221;1\/2&#8243;][cms_fancybox icon_fontawesome=&#8221;fas fa-lightbulb&#8221; cms_template=&#8221;cms_fancybox&#8211;layout9.php&#8221; el_title=&#8221;OSVJETLJAVAMO PROMI\u0160LJENO&#8221; fcb_description=&#8221;U sjaju suvremenih svjetala lako zaboravimo va\u017enost \u0161tednje energije. U srednjovjekovno doba, kada je svjetlost bila rijetka i cijenjena, nakon zalaska sunca vladala je tama. Ga\u0161enjem svjetla kad nije potrebno \u0161tedimo energiju i po\u0161tujemo pro\u0161lost. Pridru\u017eite se nastojanjima na\u0161ih predaka i smanjimo ekolo\u0161ki otisak. Osvjetljavajte s namjerom, prihvatite naslije\u0111e \u0161tednje.&#8221;][\/vc_column][vc_column width=&#8221;1\/2&#8243;][vc_single_image image=&#8221;24033&#8243; img_size=&#8221;full&#8221; alignment=&#8221;center&#8221; css=&#8221;.vc_custom_1690534682134{padding-top: 60px !important;}&#8221;][\/vc_column][\/vc_row][vc_row][vc_column][vc_empty_space][\/vc_column][\/vc_row][vc_row][vc_column width=&#8221;1\/2&#8243; css=&#8221;.vc_custom_1690534818829{padding-top: 60px !important;}&#8221;][vc_single_image image=&#8221;23661&#8243; img_size=&#8221;full&#8221;][\/vc_column][vc_column width=&#8221;1\/2&#8243;][cms_fancybox icon_fontawesome=&#8221;fas fa-recycle&#8221; cms_template=&#8221;cms_fancybox&#8211;layout9.php&#8221; el_title=&#8221;ODVAJAMO OTPAD, \u010cUVAMO BA\u0160TINU&#8221; fcb_description=&#8221;Pro\u0161li na\u010dini postupanja s otpadom daleko su od dana\u0161njih organiziranih sustava. Danas, odvajanjem otpada, po\u0161tujemo mudrost pro\u0161losti i stvaramo ba\u0161tinu za budu\u0107nost.<br \/>\nHvala \u0161to ne ostavljate otpad u prirodi ili ga ne ispu\u0161tate u WC. U smje\u0161taju \u0107ete prona\u0107i odvojene kante za ambala\u017eu i biolo\u0161ki otpad, a u kupaonici je kanta za mije\u0161ani otpad. Papir i staklo ili drugi opasni otpad ljubazno ostavite na svom stolu, brinuti \u0107e se na\u0161e osoblje. Preuzmite odgovornost, za\u0161titite na\u0161 planet i sa\u010duvajte svoje naslije\u0111e.&#8221;][\/vc_column][\/vc_row][vc_row][vc_column][vc_empty_space][\/vc_column][\/vc_row][vc_row][vc_column width=&#8221;1\/2&#8243;][cms_fancybox icon_fontawesome=&#8221;fas fa-tint&#8221; cms_template=&#8221;cms_fancybox&#8211;layout9.php&#8221; el_title=&#8221;PIJEMO VODU IZ SLAVINE&#8221; fcb_description=&#8221;U srednjovjekovnim selima pristup \u010distoj pitkoj vodi bio je rijedak blagoslov. Danas smo sretni &#8211; jednostavnim okretanjem slavine u na\u0161u \u010da\u0161u lako dolazi svje\u017ea i \u010dista voda. Cijenimo tu jednostavnu rasko\u0161 i ne uzimamo je zdravo za gotovo.<br \/>\nKada pijemo iz slavine, sje\u0107amo se naslije\u0111a koje \u010duvamo i podsje\u0107amo budu\u0107e generacije na sre\u0107u koju im donosi pristup potoku osvje\u017eavaju\u0107e vode. Na\u0161i preci su cijenili tu dar i trudili se osigurati \u010distu pitku vodu za sve. Nastavimo njihov rad i sa\u010duvajmo ovaj neprocjenjivi izvor za sada\u0161njost i budu\u0107nost.&#8221;][\/vc_column][vc_column width=&#8221;1\/2&#8243;][vc_single_image image=&#8221;14066&#8243; img_size=&#8221;full&#8221; css=&#8221;.vc_custom_1690534876713{padding-top: 80px !important;}&#8221;][\/vc_column][\/vc_row][vc_row][vc_column][vc_empty_space][\/vc_column][\/vc_row][vc_row][vc_column width=&#8221;1\/2&#8243;][vc_single_image image=&#8221;24036&#8243; img_size=&#8221;full&#8221; css=&#8221;.vc_custom_1690534896668{padding-top: 80px !important;}&#8221;][\/vc_column][vc_column width=&#8221;1\/2&#8243;][cms_fancybox icon_fontawesome=&#8221;fas fa-utensils&#8221; cms_template=&#8221;cms_fancybox&#8211;layout9.php&#8221; el_title=&#8221;PO\u0160TUJEMO KRU\u017dENJE PRIRODE: VRA\u0106AMO STAKLENU AMBALA\u017dU ZA VI\u0160EKRATNU UPOTREBU&#8221; fcb_description=&#8221;Po\u0161tovani gosti, kada u\u017eivate u slatkim trenucima gra\u0111anskog doru\u010dka usred \u0161armantnog ambijenta na\u0161eg srednjovjekovnog kraljevstva, molimo vas da sudjelujete u o\u010duvanju prirodnih ljepota koje nas okru\u017euju, i nakon doru\u010dka ljubazno vratite ekolo\u0161ki prihvatljivu staklenu ambala\u017eu kako biste omogu\u0107ili nastavak ciklusa.<br \/>\nPo \u017eelji, ambala\u017eu mo\u017eete otkupiti i tako se pobrinuti da krasite svoj dom.&#8221;][\/vc_column][\/vc_row][vc_row][vc_column][vc_empty_space][\/vc_column][\/vc_row][vc_row][vc_column width=&#8221;1\/2&#8243;][cms_fancybox icon_fontawesome=&#8221;fas fa-fish&#8221; cms_template=&#8221;cms_fancybox&#8211;layout9.php&#8221; el_title=&#8221;PONOVNO KORISTIMO NA\u0160E RU\u010cNIKE&#8221; fcb_description=&#8221;Pove\u017eimo mudrost pro\u0161losti sa svjetlijom budu\u0107no\u0161\u0107u.<br \/>\nU duhu pro\u0161losti, gdje je svaka sirovina bila cijenjena, prihva\u0107amo promi\u0161ljenu uporabu ru\u010dnika i doprinosimo o\u010duvanju energije i prirodnih resursa.<br \/>\nObjesite ru\u010dnike na vje\u0161alicu ili radijator za ponovnu uporabu, ako \u017eelite da vam zamijenimo ru\u010dnik, jednostavno ga ostavite na podu.<br \/>\nZajedni\u010dkim snagama mo\u017eemo premostiti jaz izme\u0111u pro\u0161losti i sada\u0161njosti te izgraditi ljep\u0161i svijet za budu\u0107e generacije.&#8221;][\/vc_column][vc_column width=&#8221;1\/2&#8243;][vc_single_image image=&#8221;24031&#8243; img_size=&#8221;full&#8221; css=&#8221;.vc_custom_1690534917374{padding-top: 60px !important;}&#8221;][\/vc_column][\/vc_row][vc_row][vc_column][vc_empty_space][\/vc_column][\/vc_row][vc_row][vc_column width=&#8221;1\/2&#8243;][vc_single_image image=&#8221;12009&#8243; img_size=&#8221;full&#8221; css=&#8221;.vc_custom_1690534929732{padding-top: 80px !important;}&#8221;][\/vc_column][vc_column width=&#8221;1\/2&#8243;][cms_fancybox icon_fontawesome=&#8221;fas fa-bed&#8221; cms_template=&#8221;cms_fancybox&#8211;layout9.php&#8221; el_title=&#8221;PO\u0160TUJEMO ZAMJENU POSTELJNINE PO ZAHTJEVU&#8221; fcb_description=&#8221;Hvala vam \u0161to po\u0161tujete mudrost pro\u0161losti i podr\u017eavate praksu zamjene posteljine prema potrebi. Premostimo jaz izme\u0111u pro\u0161losti i sada\u0161njosti te obnovimo va\u017enost promi\u0161ljanja o potro\u0161nji.<br \/>\nIz po\u0161tovanja prema na\u0161em naslije\u0111u i okoli\u0161u, obavijestite na\u0161u uredsku slu\u017ebu dvorca ako \u017eelite zamijeniti posteljinu. Posteljinu mijenjamo po odjavi, svaki \u010detvrti dan ili prema va\u0161em zahtjevu.<br \/>\nPridru\u017eite nam se u po\u0161tovanju naslije\u0111a i stvaranju odr\u017eive budu\u0107nosti s promi\u0161ljenom zamjenom posteljine, s promi\u0161ljenom zamjenom rublja prema zahtjevu.&#8221;][\/vc_column][\/vc_row][vc_row][vc_column width=&#8221;1\/4&#8243;][vc_single_image image=&#8221;34388&#8243; img_size=&#8221;full&#8221;][\/vc_column][vc_column width=&#8221;1\/4&#8243;][vc_single_image image=&#8221;34385&#8243; img_size=&#8221;full&#8221; onclick=&#8221;custom_link&#8221; link=&#8221;https:\/\/www.slovenia.info\/en\/stories\/accommodation-providers-with-the-slovenia-green-label&#8221;][\/vc_column][vc_column width=&#8221;1\/4&#8243;][vc_single_image image=&#8221;34394&#8243; img_size=&#8221;full&#8221; onclick=&#8221;custom_link&#8221; link=&#8221;https:\/\/www.slovenia-green.si\/sl\/2020\/12\/09\/naravni-parki-slovenia-green\/&#8221;][\/vc_column][vc_column width=&#8221;1\/4&#8243;][vc_single_image image=&#8221;34391&#8243; img_size=&#8221;full&#8221; onclick=&#8221;custom_link&#8221; link=&#8221;https:\/\/www.slovenia-green.si\/&#8221;][\/vc_column][\/vc_row]<\/p>\n","protected":false},"excerpt":{"rendered":"<p>[vc_row][vc_column width=&#8221;1\/3&#8243;][vc_single_image image=&#8221;34174&#8243; img_size=&#8221;full&#8221; onclick=&#8221;custom_link&#8221; link=&#8221;https:\/\/www.slovenia.info\/en\/business\/green-scheme-of-slovenian-tourism&#8221;][\/vc_column][vc_column width=&#8221;1\/3&#8243;][vc_single_image image=&#8221;34177&#8243; img_size=&#8221;full&#8221; onclick=&#8221;custom_link&#8221; link=&#8221;https:\/\/www.greenkey.global\/&#8221;][\/vc_column][vc_column width=&#8221;1\/3&#8243;][vc_single_image image=&#8221;34180&#8243; img_size=&#8221;full&#8221; onclick=&#8221;custom_link&#8221; link=&#8221;https:\/\/www.slovenia.info\/en\/stories\/accommodation-providers-with-the-slovenia-green-label&#8221;][\/vc_column][\/vc_row][vc_row equal_height=&#8221;yes&#8221;][vc_column width=&#8221;1\/2&#8243; css=&#8221;.vc_custom_1587761274699{padding-right: 40px !important;padding-left: 80px !important;}&#8221;][cms_space space_lg=&#8221;40&#8243;][cms_fancybox font_weight=&#8221;700&#8243; letter_spacing=&#8221;0.025em&#8221; cms_template=&#8221;cms_fancybox&#8211;layout4.php&#8221; el_title=&#8221;Dragi posjetitelji i gosti dvorca Podsreda,&#8221; title_font_size=&#8221;25&#8243; fcb_description=&#8221;dobrodo\u0161li u srcu za\u0161ti\u0107enog podru\u010dja Regionalnog parka Kozjansko, gdje se isprepli\u0107u odr\u017eivost i povijest. Kao skrbnici ove dragocjene kulturne ba\u0161tine, pozivamo [&hellip;]<\/p>\n","protected":false},"author":2,"featured_media":0,"parent":0,"menu_order":0,"comment_status":"closed","ping_status":"closed","template":"","meta":[],"yoast_head":"<!-- This site is optimized with the Yoast SEO plugin v19.14 - https:\/\/yoast.com\/wordpress\/plugins\/seo\/ -->\n<title>OTKRIJTE ODR\u017dIVO NASLJE\u0110E NA\u0160EG DVORCA | Grad Podsreda | Sobe in apartmaji | Grajska ponudba<\/title>\n<meta name=\"robots\" content=\"index, follow, max-snippet:-1, max-image-preview:large, max-video-preview:-1\" \/>\n<link rel=\"canonical\" href=\"https:\/\/castlepodsreda.com\/hr\/otkrijte-odrzivo-nasljede-naseg-dvorca\/\" \/>\n<meta property=\"og:locale\" content=\"hr_HR\" \/>\n<meta property=\"og:type\" content=\"article\" \/>\n<meta property=\"og:title\" content=\"OTKRIJTE ODR\u017dIVO NASLJE\u0110E NA\u0160EG DVORCA | Grad Podsreda | Sobe in apartmaji | Grajska ponudba\" \/>\n<meta property=\"og:description\" content=\"[vc_row][vc_column width=&#8221;1\/3&#8243;][vc_single_image image=&#8221;34174&#8243; img_size=&#8221;full&#8221; onclick=&#8221;custom_link&#8221; link=&#8221;https:\/\/www.slovenia.info\/en\/business\/green-scheme-of-slovenian-tourism&#8221;][\/vc_column][vc_column width=&#8221;1\/3&#8243;][vc_single_image image=&#8221;34177&#8243; img_size=&#8221;full&#8221; onclick=&#8221;custom_link&#8221; link=&#8221;https:\/\/www.greenkey.global\/&#8221;][\/vc_column][vc_column width=&#8221;1\/3&#8243;][vc_single_image image=&#8221;34180&#8243; img_size=&#8221;full&#8221; onclick=&#8221;custom_link&#8221; link=&#8221;https:\/\/www.slovenia.info\/en\/stories\/accommodation-providers-with-the-slovenia-green-label&#8221;][\/vc_column][\/vc_row][vc_row equal_height=&#8221;yes&#8221;][vc_column width=&#8221;1\/2&#8243; css=&#8221;.vc_custom_1587761274699{padding-right: 40px !important;padding-left: 80px !important;}&#8221;][cms_space space_lg=&#8221;40&#8243;][cms_fancybox font_weight=&#8221;700&#8243; letter_spacing=&#8221;0.025em&#8221; cms_template=&#8221;cms_fancybox&#8211;layout4.php&#8221; el_title=&#8221;Dragi posjetitelji i gosti dvorca Podsreda,&#8221; title_font_size=&#8221;25&#8243; fcb_description=&#8221;dobrodo\u0161li u srcu za\u0161ti\u0107enog podru\u010dja Regionalnog parka Kozjansko, gdje se isprepli\u0107u odr\u017eivost i povijest. Kao skrbnici ove dragocjene kulturne ba\u0161tine, pozivamo [&hellip;]\" \/>\n<meta property=\"og:url\" content=\"https:\/\/castlepodsreda.com\/hr\/otkrijte-odrzivo-nasljede-naseg-dvorca\/\" \/>\n<meta property=\"og:site_name\" content=\"Grad Podsreda | Sobe in apartmaji | Grajska ponudba\" \/>\n<meta property=\"article:publisher\" content=\"https:\/\/www.facebook.com\/podsredacastle\" \/>\n<meta property=\"article:modified_time\" content=\"2024-06-10T11:09:05+00:00\" \/>\n<meta name=\"twitter:card\" content=\"summary_large_image\" \/>\n<meta name=\"twitter:label1\" content=\"Procijenjeno vrijeme \u010ditanja\" \/>\n\t<meta name=\"twitter:data1\" content=\"8 minuta\" \/>\n<script type=\"application\/ld+json\" class=\"yoast-schema-graph\">{\"@context\":\"https:\/\/schema.org\",\"@graph\":[{\"@type\":\"WebPage\",\"@id\":\"https:\/\/castlepodsreda.com\/hr\/otkrijte-odrzivo-nasljede-naseg-dvorca\/\",\"url\":\"https:\/\/castlepodsreda.com\/hr\/otkrijte-odrzivo-nasljede-naseg-dvorca\/\",\"name\":\"OTKRIJTE ODR\u017dIVO NASLJE\u0110E NA\u0160EG DVORCA | Grad Podsreda | Sobe in apartmaji | Grajska ponudba\",\"isPartOf\":{\"@id\":\"https:\/\/castlepodsreda.com\/hr\/#website\"},\"datePublished\":\"2023-07-28T09:03:15+00:00\",\"dateModified\":\"2024-06-10T11:09:05+00:00\",\"breadcrumb\":{\"@id\":\"https:\/\/castlepodsreda.com\/hr\/otkrijte-odrzivo-nasljede-naseg-dvorca\/#breadcrumb\"},\"inLanguage\":\"hr\",\"potentialAction\":[{\"@type\":\"ReadAction\",\"target\":[\"https:\/\/castlepodsreda.com\/hr\/otkrijte-odrzivo-nasljede-naseg-dvorca\/\"]}]},{\"@type\":\"BreadcrumbList\",\"@id\":\"https:\/\/castlepodsreda.com\/hr\/otkrijte-odrzivo-nasljede-naseg-dvorca\/#breadcrumb\",\"itemListElement\":[{\"@type\":\"ListItem\",\"position\":1,\"name\":\"Home\",\"item\":\"https:\/\/castlepodsreda.com\/hr\/\"},{\"@type\":\"ListItem\",\"position\":2,\"name\":\"OTKRIJTE ODR\u017dIVO NASLJE\u0110E NA\u0160EG DVORCA\"}]},{\"@type\":\"WebSite\",\"@id\":\"https:\/\/castlepodsreda.com\/hr\/#website\",\"url\":\"https:\/\/castlepodsreda.com\/hr\/\",\"name\":\"Grad Podsreda | Sobe in apartmaji | Grajska ponudba\",\"description\":\"Najbolj grajski med gradovi v Sloveniji\",\"publisher\":{\"@id\":\"https:\/\/castlepodsreda.com\/hr\/#organization\"},\"potentialAction\":[{\"@type\":\"SearchAction\",\"target\":{\"@type\":\"EntryPoint\",\"urlTemplate\":\"https:\/\/castlepodsreda.com\/hr\/?s={search_term_string}\"},\"query-input\":\"required name=search_term_string\"}],\"inLanguage\":\"hr\"},{\"@type\":\"Organization\",\"@id\":\"https:\/\/castlepodsreda.com\/hr\/#organization\",\"name\":\"Grad Podsreda | Sobe in apartmaji | Grajska ponudba\",\"url\":\"https:\/\/castlepodsreda.com\/hr\/\",\"logo\":{\"@type\":\"ImageObject\",\"inLanguage\":\"hr\",\"@id\":\"https:\/\/castlepodsreda.com\/hr\/#\/schema\/logo\/image\/\",\"url\":\"https:\/\/castlepodsreda.com\/wp-content\/uploads\/2020\/04\/logo-grad-podsreda-2.jpg\",\"contentUrl\":\"https:\/\/castlepodsreda.com\/wp-content\/uploads\/2020\/04\/logo-grad-podsreda-2.jpg\",\"width\":576,\"height\":576,\"caption\":\"Grad Podsreda | Sobe in apartmaji | Grajska ponudba\"},\"image\":{\"@id\":\"https:\/\/castlepodsreda.com\/hr\/#\/schema\/logo\/image\/\"},\"sameAs\":[\"https:\/\/www.instagram.com\/podsredacastle\/\",\"https:\/\/www.facebook.com\/podsredacastle\"]}]}<\/script>\n<!-- \/ Yoast SEO plugin. -->","yoast_head_json":{"title":"OTKRIJTE ODR\u017dIVO NASLJE\u0110E NA\u0160EG DVORCA | Grad Podsreda | Sobe in apartmaji | Grajska ponudba","robots":{"index":"index","follow":"follow","max-snippet":"max-snippet:-1","max-image-preview":"max-image-preview:large","max-video-preview":"max-video-preview:-1"},"canonical":"https:\/\/castlepodsreda.com\/hr\/otkrijte-odrzivo-nasljede-naseg-dvorca\/","og_locale":"hr_HR","og_type":"article","og_title":"OTKRIJTE ODR\u017dIVO NASLJE\u0110E NA\u0160EG DVORCA | Grad Podsreda | Sobe in apartmaji | Grajska ponudba","og_description":"[vc_row][vc_column width=&#8221;1\/3&#8243;][vc_single_image image=&#8221;34174&#8243; img_size=&#8221;full&#8221; onclick=&#8221;custom_link&#8221; link=&#8221;https:\/\/www.slovenia.info\/en\/business\/green-scheme-of-slovenian-tourism&#8221;][\/vc_column][vc_column width=&#8221;1\/3&#8243;][vc_single_image image=&#8221;34177&#8243; img_size=&#8221;full&#8221; onclick=&#8221;custom_link&#8221; link=&#8221;https:\/\/www.greenkey.global\/&#8221;][\/vc_column][vc_column width=&#8221;1\/3&#8243;][vc_single_image image=&#8221;34180&#8243; img_size=&#8221;full&#8221; onclick=&#8221;custom_link&#8221; link=&#8221;https:\/\/www.slovenia.info\/en\/stories\/accommodation-providers-with-the-slovenia-green-label&#8221;][\/vc_column][\/vc_row][vc_row equal_height=&#8221;yes&#8221;][vc_column width=&#8221;1\/2&#8243; css=&#8221;.vc_custom_1587761274699{padding-right: 40px !important;padding-left: 80px !important;}&#8221;][cms_space space_lg=&#8221;40&#8243;][cms_fancybox font_weight=&#8221;700&#8243; letter_spacing=&#8221;0.025em&#8221; cms_template=&#8221;cms_fancybox&#8211;layout4.php&#8221; el_title=&#8221;Dragi posjetitelji i gosti dvorca Podsreda,&#8221; title_font_size=&#8221;25&#8243; fcb_description=&#8221;dobrodo\u0161li u srcu za\u0161ti\u0107enog podru\u010dja Regionalnog parka Kozjansko, gdje se isprepli\u0107u odr\u017eivost i povijest. Kao skrbnici ove dragocjene kulturne ba\u0161tine, pozivamo [&hellip;]","og_url":"https:\/\/castlepodsreda.com\/hr\/otkrijte-odrzivo-nasljede-naseg-dvorca\/","og_site_name":"Grad Podsreda | Sobe in apartmaji | Grajska ponudba","article_publisher":"https:\/\/www.facebook.com\/podsredacastle","article_modified_time":"2024-06-10T11:09:05+00:00","twitter_card":"summary_large_image","twitter_misc":{"Procijenjeno vrijeme \u010ditanja":"8 minuta"},"schema":{"@context":"https:\/\/schema.org","@graph":[{"@type":"WebPage","@id":"https:\/\/castlepodsreda.com\/hr\/otkrijte-odrzivo-nasljede-naseg-dvorca\/","url":"https:\/\/castlepodsreda.com\/hr\/otkrijte-odrzivo-nasljede-naseg-dvorca\/","name":"OTKRIJTE ODR\u017dIVO NASLJE\u0110E NA\u0160EG DVORCA | Grad Podsreda | Sobe in apartmaji | Grajska ponudba","isPartOf":{"@id":"https:\/\/castlepodsreda.com\/hr\/#website"},"datePublished":"2023-07-28T09:03:15+00:00","dateModified":"2024-06-10T11:09:05+00:00","breadcrumb":{"@id":"https:\/\/castlepodsreda.com\/hr\/otkrijte-odrzivo-nasljede-naseg-dvorca\/#breadcrumb"},"inLanguage":"hr","potentialAction":[{"@type":"ReadAction","target":["https:\/\/castlepodsreda.com\/hr\/otkrijte-odrzivo-nasljede-naseg-dvorca\/"]}]},{"@type":"BreadcrumbList","@id":"https:\/\/castlepodsreda.com\/hr\/otkrijte-odrzivo-nasljede-naseg-dvorca\/#breadcrumb","itemListElement":[{"@type":"ListItem","position":1,"name":"Home","item":"https:\/\/castlepodsreda.com\/hr\/"},{"@type":"ListItem","position":2,"name":"OTKRIJTE ODR\u017dIVO NASLJE\u0110E NA\u0160EG DVORCA"}]},{"@type":"WebSite","@id":"https:\/\/castlepodsreda.com\/hr\/#website","url":"https:\/\/castlepodsreda.com\/hr\/","name":"Grad Podsreda | Sobe in apartmaji | Grajska ponudba","description":"Najbolj grajski med gradovi v Sloveniji","publisher":{"@id":"https:\/\/castlepodsreda.com\/hr\/#organization"},"potentialAction":[{"@type":"SearchAction","target":{"@type":"EntryPoint","urlTemplate":"https:\/\/castlepodsreda.com\/hr\/?s={search_term_string}"},"query-input":"required name=search_term_string"}],"inLanguage":"hr"},{"@type":"Organization","@id":"https:\/\/castlepodsreda.com\/hr\/#organization","name":"Grad Podsreda | Sobe in apartmaji | Grajska ponudba","url":"https:\/\/castlepodsreda.com\/hr\/","logo":{"@type":"ImageObject","inLanguage":"hr","@id":"https:\/\/castlepodsreda.com\/hr\/#\/schema\/logo\/image\/","url":"https:\/\/castlepodsreda.com\/wp-content\/uploads\/2020\/04\/logo-grad-podsreda-2.jpg","contentUrl":"https:\/\/castlepodsreda.com\/wp-content\/uploads\/2020\/04\/logo-grad-podsreda-2.jpg","width":576,"height":576,"caption":"Grad Podsreda | Sobe in apartmaji | Grajska ponudba"},"image":{"@id":"https:\/\/castlepodsreda.com\/hr\/#\/schema\/logo\/image\/"},"sameAs":["https:\/\/www.instagram.com\/podsredacastle\/","https:\/\/www.facebook.com\/podsredacastle"]}]}},"_links":{"self":[{"href":"https:\/\/castlepodsreda.com\/hr\/wp-json\/wp\/v2\/pages\/34397"}],"collection":[{"href":"https:\/\/castlepodsreda.com\/hr\/wp-json\/wp\/v2\/pages"}],"about":[{"href":"https:\/\/castlepodsreda.com\/hr\/wp-json\/wp\/v2\/types\/page"}],"author":[{"embeddable":true,"href":"https:\/\/castlepodsreda.com\/hr\/wp-json\/wp\/v2\/users\/2"}],"replies":[{"embeddable":true,"href":"https:\/\/castlepodsreda.com\/hr\/wp-json\/wp\/v2\/comments?post=34397"}],"version-history":[{"count":9,"href":"https:\/\/castlepodsreda.com\/hr\/wp-json\/wp\/v2\/pages\/34397\/revisions"}],"predecessor-version":[{"id":36659,"href":"https:\/\/castlepodsreda.com\/hr\/wp-json\/wp\/v2\/pages\/34397\/revisions\/36659"}],"wp:attachment":[{"href":"https:\/\/castlepodsreda.com\/hr\/wp-json\/wp\/v2\/media?parent=34397"}],"curies":[{"name":"wp","href":"https:\/\/api.w.org\/{rel}","templated":true}]}}