{"id":36864,"date":"2024-07-16T14:15:53","date_gmt":"2024-07-16T14:15:53","guid":{"rendered":"https:\/\/castlepodsreda.com\/?page_id=36864"},"modified":"2025-03-10T13:05:44","modified_gmt":"2025-03-10T13:05:44","slug":"glazbeno-ljeto-u-dvorcu-podsreda","status":"publish","type":"page","link":"https:\/\/castlepodsreda.com\/hr\/glazbeno-ljeto-u-dvorcu-podsreda\/","title":{"rendered":"GLAZBENO LJETO U DVORCU PODSREDA"},"content":{"rendered":"<p>[vc_row][vc_column][vc_single_image image=&#8221;28056&#8243; img_size=&#8221;full&#8221; alignment=&#8221;center&#8221;][cms_heading text_before=&#8221;GLAZBENO LJETO 2025. na dvorcu Podsreda&#8221; align_lg=&#8221;align-center&#8221; align_md=&#8221;align-center-md&#8221; align_sm=&#8221;align-center-sm&#8221; align_xs=&#8221;align-center-xs&#8221; cms_template=&#8221;cms_heading&#8211;layout2.php&#8221;][vc_column_text]<\/p>\n<p style=\"text-align: center;\" data-start=\"47\" data-end=\"373\"><strong data-start=\"47\" data-end=\"84\">Glazbeno ljeto na dvorcu Podsreda<\/strong> ima dugu tradiciju u <strong data-start=\"106\" data-end=\"133\">Parku prirode Kozjansko<\/strong>, a 2025. godine odr\u017eat \u0107e se <strong data-start=\"163\" data-end=\"178\">31. izdanje<\/strong> ovog kulturnog doga\u0111aja. Tijekom godina postao je <strong data-start=\"229\" data-end=\"264\">neizostavan dio ljetnih mjeseci<\/strong>, oboga\u0107uju\u0107i kulturnu ponudu kako za lokalno stanovni\u0161tvo tako i za posjetitelje ovog za\u0161ti\u0107enog podru\u010dja.<\/p>\n<p style=\"text-align: center;\" data-start=\"492\" data-end=\"602\"><strong data-start=\"492\" data-end=\"515\">Umjetni\u010dki voditelj<\/strong> Glazbenog ljeta na dvorcu Podsreda od <strong data-start=\"554\" data-end=\"570\">2009. godine<\/strong> je <strong data-start=\"574\" data-end=\"599\">profesor Andrej Zupan<\/strong>.<\/p>\n<p>[\/vc_column_text][vc_row_inner][vc_column_inner width=&#8221;1\/2&#8243;][cms_fancybox icon_fontawesome=&#8221;fas fa-guitar&#8221; button_text=&#8221;PRIJAVNICA&#8221; button_link=&#8221;url:https%3A%2F%2Fcastlepodsreda.com%2Fwp-content%2Fuploads%2F2025%2F03%2FGLASBENO-POLETJE_prijavnica.pdf|||&#8221; cms_template=&#8221;cms_fancybox&#8211;layout4.php&#8221; el_title=&#8221;OVOGODI\u0160NJI SEMINARI&#8221; fcb_description=&#8221;Za 2025. godinu pripremili smo pet glazbenih seminara, koje \u0107e voditi istaknuti glazbenici i mentori.&#8221;][cms_space space_lg=&#8221;50&#8243; space_md=&#8221;40&#8243; space_sm=&#8221;30&#8243; space_xs=&#8221;20&#8243;][vc_column_text]<\/p>\n<ul>\n<li data-start=\"632\" data-end=\"710\"><strong data-start=\"634\" data-end=\"657\">SEMINAR ZA KLARINET<\/strong>: <strong data-start=\"659\" data-end=\"684\">5. \u2013 11. srpnja 2025.<\/strong> \u2013 vodi <strong data-start=\"692\" data-end=\"708\">Andrej Zupan<\/strong><\/li>\n<li data-start=\"711\" data-end=\"801\"><strong data-start=\"713\" data-end=\"738\">SEMINAR ZA VIOLON\u010cELO<\/strong>: <strong data-start=\"740\" data-end=\"766\">20. \u2013 26. srpnja 2025.<\/strong> \u2013 vodi <strong data-start=\"774\" data-end=\"799\">Karmen Pe\u010dar Koritnik<\/strong><\/li>\n<li data-start=\"802\" data-end=\"888\"><strong data-start=\"804\" data-end=\"825\">SEMINAR ZA FLAUTU<\/strong>: <strong data-start=\"827\" data-end=\"861\">22. srpnja \u2013 2. kolovoza 2025.<\/strong> \u2013 vodi <strong data-start=\"869\" data-end=\"886\">Nata\u0161a Paklar<\/strong><\/li>\n<li data-start=\"889\" data-end=\"977\"><strong data-start=\"891\" data-end=\"913\">SEMINAR ZA VIOLINU<\/strong>: <strong data-start=\"915\" data-end=\"941\">3. \u2013 9. kolovoza 2025.<\/strong> \u2013 vodi <strong data-start=\"949\" data-end=\"975\">Veronika Vilar Brecelj<\/strong><\/li>\n<li data-start=\"978\" data-end=\"1058\"><strong data-start=\"980\" data-end=\"1001\">SEMINAR ZA GITARU<\/strong>: <strong data-start=\"1003\" data-end=\"1031\">10. \u2013 14. kolovoza 2025.<\/strong> \u2013 vodi <strong data-start=\"1039\" data-end=\"1056\">Mario Kurtjak<\/strong><\/li>\n<\/ul>\n<p>[\/vc_column_text][\/vc_column_inner][vc_column_inner width=&#8221;1\/2&#8243;][vc_single_image image=&#8221;38126&#8243; img_size=&#8221;full&#8221;][\/vc_column_inner][\/vc_row_inner][\/vc_column][\/vc_row][vc_row][vc_column][cms_space space_lg=&#8221;50&#8243; space_md=&#8221;40&#8243; space_sm=&#8221;30&#8243; space_xs=&#8221;20&#8243;][vc_column_text]<\/p>\n<p style=\"text-align: center;\" data-start=\"1060\" data-end=\"1193\">Za prijavu na seminar ispunite <a href=\"https:\/\/castlepodsreda.com\/wp-content\/uploads\/2025\/03\/GLASBENO-POLETJE_prijavnica.pdf\"><strong data-start=\"1091\" data-end=\"1105\">PRIJAVNICU<\/strong><\/a> i po\u0161aljite je na:<br data-start=\"1124\" data-end=\"1127\" \/><strong data-start=\"1130\" data-end=\"1158\"><a href=\"mailto:kozjanski-park@kp.gov.si\" rel=\"noopener\" data-start=\"1132\" data-end=\"1156\">kozjanski-park@kp.gov.si<\/a><\/strong> ili <strong data-start=\"1163\" data-end=\"1191\" data-is-only-node=\"\"><a href=\"mailto:natasa.ferlinc@kp.gov.si\" rel=\"noopener\" data-start=\"1165\" data-end=\"1189\">natasa.ferlinc@kp.gov.si<\/a><\/strong><\/p>\n<p style=\"text-align: center;\" data-start=\"1195\" data-end=\"1286\" data-is-last-node=\"\" data-is-only-node=\"\">Za vi\u0161e informacija o seminarima i predava\u010dima, pogledajte <strong data-start=\"1254\" data-end=\"1286\" data-is-last-node=\"\"><a href=\"https:\/\/castlepodsreda.com\/wp-content\/uploads\/2025\/03\/GLASBENO-POLETJE-2025_knjizica.pdf\">BRO\u0160URU GLAZBENO LJETO 2025<\/a>.<\/strong><\/p>\n<p>[\/vc_column_text][\/vc_column][\/vc_row][vc_row][vc_column width=&#8221;1\/3&#8243;][vc_single_image image=&#8221;38082&#8243; img_size=&#8221;full&#8221;][\/vc_column][vc_column width=&#8221;1\/3&#8243;][vc_single_image image=&#8221;38085&#8243; img_size=&#8221;full&#8221;][\/vc_column][vc_column width=&#8221;1\/3&#8243;][vc_single_image image=&#8221;38088&#8243; img_size=&#8221;full&#8221;][\/vc_column][\/vc_row][vc_row][vc_column width=&#8221;1\/3&#8243;][vc_single_image image=&#8221;38115&#8243; img_size=&#8221;full&#8221;][\/vc_column][vc_column width=&#8221;1\/3&#8243;][vc_single_image image=&#8221;38112&#8243; img_size=&#8221;full&#8221;][\/vc_column][vc_column width=&#8221;1\/3&#8243;][vc_single_image image=&#8221;38109&#8243; img_size=&#8221;full&#8221;][\/vc_column][\/vc_row][vc_row][vc_column width=&#8221;1\/3&#8243;][vc_single_image image=&#8221;38091&#8243; img_size=&#8221;full&#8221;][\/vc_column][vc_column width=&#8221;1\/3&#8243;][vc_single_image image=&#8221;38094&#8243; img_size=&#8221;full&#8221;][\/vc_column][vc_column width=&#8221;1\/3&#8243;][vc_single_image image=&#8221;38097&#8243; img_size=&#8221;full&#8221;][\/vc_column][\/vc_row][vc_row][vc_column width=&#8221;1\/3&#8243;][vc_single_image image=&#8221;38100&#8243; img_size=&#8221;full&#8221;][\/vc_column][vc_column width=&#8221;1\/3&#8243;][vc_single_image image=&#8221;38103&#8243; img_size=&#8221;full&#8221;][\/vc_column][vc_column width=&#8221;1\/3&#8243;][vc_single_image image=&#8221;38106&#8243; img_size=&#8221;full&#8221;][\/vc_column][\/vc_row]<\/p>\n","protected":false},"excerpt":{"rendered":"<p>[vc_row][vc_column][vc_single_image image=&#8221;28056&#8243; img_size=&#8221;full&#8221; alignment=&#8221;center&#8221;][cms_heading text_before=&#8221;GLAZBENO LJETO 2025. na dvorcu Podsreda&#8221; align_lg=&#8221;align-center&#8221; align_md=&#8221;align-center-md&#8221; align_sm=&#8221;align-center-sm&#8221; align_xs=&#8221;align-center-xs&#8221; cms_template=&#8221;cms_heading&#8211;layout2.php&#8221;][vc_column_text] Glazbeno ljeto na dvorcu Podsreda ima dugu tradiciju u Parku prirode Kozjansko, a 2025. godine odr\u017eat \u0107e se 31. izdanje ovog kulturnog doga\u0111aja. Tijekom godina postao je neizostavan dio ljetnih mjeseci, oboga\u0107uju\u0107i kulturnu ponudu kako za lokalno stanovni\u0161tvo tako i [&hellip;]<\/p>\n","protected":false},"author":1,"featured_media":0,"parent":0,"menu_order":0,"comment_status":"closed","ping_status":"closed","template":"","meta":[],"yoast_head":"<!-- This site is optimized with the Yoast SEO plugin v19.14 - https:\/\/yoast.com\/wordpress\/plugins\/seo\/ -->\n<title>GLAZBENO LJETO U DVORCU PODSREDA | Grad Podsreda | Sobe in apartmaji | Grajska ponudba<\/title>\n<meta name=\"robots\" content=\"index, follow, max-snippet:-1, max-image-preview:large, max-video-preview:-1\" \/>\n<link rel=\"canonical\" href=\"https:\/\/castlepodsreda.com\/hr\/glazbeno-ljeto-u-dvorcu-podsreda\/\" \/>\n<meta property=\"og:locale\" content=\"hr_HR\" \/>\n<meta property=\"og:type\" content=\"article\" \/>\n<meta property=\"og:title\" content=\"GLAZBENO LJETO U DVORCU PODSREDA | Grad Podsreda | Sobe in apartmaji | Grajska ponudba\" \/>\n<meta property=\"og:description\" content=\"[vc_row][vc_column][vc_single_image image=&#8221;28056&#8243; img_size=&#8221;full&#8221; alignment=&#8221;center&#8221;][cms_heading text_before=&#8221;GLAZBENO LJETO 2025. na dvorcu Podsreda&#8221; align_lg=&#8221;align-center&#8221; align_md=&#8221;align-center-md&#8221; align_sm=&#8221;align-center-sm&#8221; align_xs=&#8221;align-center-xs&#8221; cms_template=&#8221;cms_heading&#8211;layout2.php&#8221;][vc_column_text] Glazbeno ljeto na dvorcu Podsreda ima dugu tradiciju u Parku prirode Kozjansko, a 2025. godine odr\u017eat \u0107e se 31. izdanje ovog kulturnog doga\u0111aja. Tijekom godina postao je neizostavan dio ljetnih mjeseci, oboga\u0107uju\u0107i kulturnu ponudu kako za lokalno stanovni\u0161tvo tako i [&hellip;]\" \/>\n<meta property=\"og:url\" content=\"https:\/\/castlepodsreda.com\/hr\/glazbeno-ljeto-u-dvorcu-podsreda\/\" \/>\n<meta property=\"og:site_name\" content=\"Grad Podsreda | Sobe in apartmaji | Grajska ponudba\" \/>\n<meta property=\"article:publisher\" content=\"https:\/\/www.facebook.com\/podsredacastle\" \/>\n<meta property=\"article:modified_time\" content=\"2025-03-10T13:05:44+00:00\" \/>\n<meta name=\"twitter:card\" content=\"summary_large_image\" \/>\n<meta name=\"twitter:label1\" content=\"Procijenjeno vrijeme \u010ditanja\" \/>\n\t<meta name=\"twitter:data1\" content=\"2 minute\" \/>\n<script type=\"application\/ld+json\" class=\"yoast-schema-graph\">{\"@context\":\"https:\/\/schema.org\",\"@graph\":[{\"@type\":\"WebPage\",\"@id\":\"https:\/\/castlepodsreda.com\/hr\/glazbeno-ljeto-u-dvorcu-podsreda\/\",\"url\":\"https:\/\/castlepodsreda.com\/hr\/glazbeno-ljeto-u-dvorcu-podsreda\/\",\"name\":\"GLAZBENO LJETO U DVORCU PODSREDA | Grad Podsreda | Sobe in apartmaji | Grajska ponudba\",\"isPartOf\":{\"@id\":\"https:\/\/castlepodsreda.com\/hr\/#website\"},\"datePublished\":\"2024-07-16T14:15:53+00:00\",\"dateModified\":\"2025-03-10T13:05:44+00:00\",\"breadcrumb\":{\"@id\":\"https:\/\/castlepodsreda.com\/hr\/glazbeno-ljeto-u-dvorcu-podsreda\/#breadcrumb\"},\"inLanguage\":\"hr\",\"potentialAction\":[{\"@type\":\"ReadAction\",\"target\":[\"https:\/\/castlepodsreda.com\/hr\/glazbeno-ljeto-u-dvorcu-podsreda\/\"]}]},{\"@type\":\"BreadcrumbList\",\"@id\":\"https:\/\/castlepodsreda.com\/hr\/glazbeno-ljeto-u-dvorcu-podsreda\/#breadcrumb\",\"itemListElement\":[{\"@type\":\"ListItem\",\"position\":1,\"name\":\"Home\",\"item\":\"https:\/\/castlepodsreda.com\/hr\/\"},{\"@type\":\"ListItem\",\"position\":2,\"name\":\"GLAZBENO LJETO U DVORCU PODSREDA\"}]},{\"@type\":\"WebSite\",\"@id\":\"https:\/\/castlepodsreda.com\/hr\/#website\",\"url\":\"https:\/\/castlepodsreda.com\/hr\/\",\"name\":\"Grad Podsreda | Sobe in apartmaji | Grajska ponudba\",\"description\":\"Najbolj grajski med gradovi v Sloveniji\",\"publisher\":{\"@id\":\"https:\/\/castlepodsreda.com\/hr\/#organization\"},\"potentialAction\":[{\"@type\":\"SearchAction\",\"target\":{\"@type\":\"EntryPoint\",\"urlTemplate\":\"https:\/\/castlepodsreda.com\/hr\/?s={search_term_string}\"},\"query-input\":\"required name=search_term_string\"}],\"inLanguage\":\"hr\"},{\"@type\":\"Organization\",\"@id\":\"https:\/\/castlepodsreda.com\/hr\/#organization\",\"name\":\"Grad Podsreda | Sobe in apartmaji | Grajska ponudba\",\"url\":\"https:\/\/castlepodsreda.com\/hr\/\",\"logo\":{\"@type\":\"ImageObject\",\"inLanguage\":\"hr\",\"@id\":\"https:\/\/castlepodsreda.com\/hr\/#\/schema\/logo\/image\/\",\"url\":\"https:\/\/castlepodsreda.com\/wp-content\/uploads\/2020\/04\/logo-grad-podsreda-2.jpg\",\"contentUrl\":\"https:\/\/castlepodsreda.com\/wp-content\/uploads\/2020\/04\/logo-grad-podsreda-2.jpg\",\"width\":576,\"height\":576,\"caption\":\"Grad Podsreda | Sobe in apartmaji | Grajska ponudba\"},\"image\":{\"@id\":\"https:\/\/castlepodsreda.com\/hr\/#\/schema\/logo\/image\/\"},\"sameAs\":[\"https:\/\/www.instagram.com\/podsredacastle\/\",\"https:\/\/www.facebook.com\/podsredacastle\"]}]}<\/script>\n<!-- \/ Yoast SEO plugin. -->","yoast_head_json":{"title":"GLAZBENO LJETO U DVORCU PODSREDA | Grad Podsreda | Sobe in apartmaji | Grajska ponudba","robots":{"index":"index","follow":"follow","max-snippet":"max-snippet:-1","max-image-preview":"max-image-preview:large","max-video-preview":"max-video-preview:-1"},"canonical":"https:\/\/castlepodsreda.com\/hr\/glazbeno-ljeto-u-dvorcu-podsreda\/","og_locale":"hr_HR","og_type":"article","og_title":"GLAZBENO LJETO U DVORCU PODSREDA | Grad Podsreda | Sobe in apartmaji | Grajska ponudba","og_description":"[vc_row][vc_column][vc_single_image image=&#8221;28056&#8243; img_size=&#8221;full&#8221; alignment=&#8221;center&#8221;][cms_heading text_before=&#8221;GLAZBENO LJETO 2025. na dvorcu Podsreda&#8221; align_lg=&#8221;align-center&#8221; align_md=&#8221;align-center-md&#8221; align_sm=&#8221;align-center-sm&#8221; align_xs=&#8221;align-center-xs&#8221; cms_template=&#8221;cms_heading&#8211;layout2.php&#8221;][vc_column_text] Glazbeno ljeto na dvorcu Podsreda ima dugu tradiciju u Parku prirode Kozjansko, a 2025. godine odr\u017eat \u0107e se 31. izdanje ovog kulturnog doga\u0111aja. Tijekom godina postao je neizostavan dio ljetnih mjeseci, oboga\u0107uju\u0107i kulturnu ponudu kako za lokalno stanovni\u0161tvo tako i [&hellip;]","og_url":"https:\/\/castlepodsreda.com\/hr\/glazbeno-ljeto-u-dvorcu-podsreda\/","og_site_name":"Grad Podsreda | Sobe in apartmaji | Grajska ponudba","article_publisher":"https:\/\/www.facebook.com\/podsredacastle","article_modified_time":"2025-03-10T13:05:44+00:00","twitter_card":"summary_large_image","twitter_misc":{"Procijenjeno vrijeme \u010ditanja":"2 minute"},"schema":{"@context":"https:\/\/schema.org","@graph":[{"@type":"WebPage","@id":"https:\/\/castlepodsreda.com\/hr\/glazbeno-ljeto-u-dvorcu-podsreda\/","url":"https:\/\/castlepodsreda.com\/hr\/glazbeno-ljeto-u-dvorcu-podsreda\/","name":"GLAZBENO LJETO U DVORCU PODSREDA | Grad Podsreda | Sobe in apartmaji | Grajska ponudba","isPartOf":{"@id":"https:\/\/castlepodsreda.com\/hr\/#website"},"datePublished":"2024-07-16T14:15:53+00:00","dateModified":"2025-03-10T13:05:44+00:00","breadcrumb":{"@id":"https:\/\/castlepodsreda.com\/hr\/glazbeno-ljeto-u-dvorcu-podsreda\/#breadcrumb"},"inLanguage":"hr","potentialAction":[{"@type":"ReadAction","target":["https:\/\/castlepodsreda.com\/hr\/glazbeno-ljeto-u-dvorcu-podsreda\/"]}]},{"@type":"BreadcrumbList","@id":"https:\/\/castlepodsreda.com\/hr\/glazbeno-ljeto-u-dvorcu-podsreda\/#breadcrumb","itemListElement":[{"@type":"ListItem","position":1,"name":"Home","item":"https:\/\/castlepodsreda.com\/hr\/"},{"@type":"ListItem","position":2,"name":"GLAZBENO LJETO U DVORCU PODSREDA"}]},{"@type":"WebSite","@id":"https:\/\/castlepodsreda.com\/hr\/#website","url":"https:\/\/castlepodsreda.com\/hr\/","name":"Grad Podsreda | Sobe in apartmaji | Grajska ponudba","description":"Najbolj grajski med gradovi v Sloveniji","publisher":{"@id":"https:\/\/castlepodsreda.com\/hr\/#organization"},"potentialAction":[{"@type":"SearchAction","target":{"@type":"EntryPoint","urlTemplate":"https:\/\/castlepodsreda.com\/hr\/?s={search_term_string}"},"query-input":"required name=search_term_string"}],"inLanguage":"hr"},{"@type":"Organization","@id":"https:\/\/castlepodsreda.com\/hr\/#organization","name":"Grad Podsreda | Sobe in apartmaji | Grajska ponudba","url":"https:\/\/castlepodsreda.com\/hr\/","logo":{"@type":"ImageObject","inLanguage":"hr","@id":"https:\/\/castlepodsreda.com\/hr\/#\/schema\/logo\/image\/","url":"https:\/\/castlepodsreda.com\/wp-content\/uploads\/2020\/04\/logo-grad-podsreda-2.jpg","contentUrl":"https:\/\/castlepodsreda.com\/wp-content\/uploads\/2020\/04\/logo-grad-podsreda-2.jpg","width":576,"height":576,"caption":"Grad Podsreda | Sobe in apartmaji | Grajska ponudba"},"image":{"@id":"https:\/\/castlepodsreda.com\/hr\/#\/schema\/logo\/image\/"},"sameAs":["https:\/\/www.instagram.com\/podsredacastle\/","https:\/\/www.facebook.com\/podsredacastle"]}]}},"_links":{"self":[{"href":"https:\/\/castlepodsreda.com\/hr\/wp-json\/wp\/v2\/pages\/36864"}],"collection":[{"href":"https:\/\/castlepodsreda.com\/hr\/wp-json\/wp\/v2\/pages"}],"about":[{"href":"https:\/\/castlepodsreda.com\/hr\/wp-json\/wp\/v2\/types\/page"}],"author":[{"embeddable":true,"href":"https:\/\/castlepodsreda.com\/hr\/wp-json\/wp\/v2\/users\/1"}],"replies":[{"embeddable":true,"href":"https:\/\/castlepodsreda.com\/hr\/wp-json\/wp\/v2\/comments?post=36864"}],"version-history":[{"count":4,"href":"https:\/\/castlepodsreda.com\/hr\/wp-json\/wp\/v2\/pages\/36864\/revisions"}],"predecessor-version":[{"id":38138,"href":"https:\/\/castlepodsreda.com\/hr\/wp-json\/wp\/v2\/pages\/36864\/revisions\/38138"}],"wp:attachment":[{"href":"https:\/\/castlepodsreda.com\/hr\/wp-json\/wp\/v2\/media?parent=36864"}],"curies":[{"name":"wp","href":"https:\/\/api.w.org\/{rel}","templated":true}]}}